{"id":600,"date":"2021-01-22T10:13:46","date_gmt":"2021-01-22T09:13:46","guid":{"rendered":"http:\/\/edithbrothelande.fr\/?page_id=600"},"modified":"2025-08-19T15:09:38","modified_gmt":"2025-08-19T13:09:38","slug":"tableau-a-plusieurs-mains-2","status":"publish","type":"page","link":"http:\/\/edithbrothelande.fr\/?page_id=600","title":{"rendered":"Cours Centre Jules Verne"},"content":{"rendered":"\n<blockquote class=\"wp-block-quote is-layout-flow wp-block-quote-is-layout-flow\">\n<p>Cours de Dessin-Peinture \u00e0 Ballan-Mir\u00e9<\/p>\n<\/blockquote>\n\n\n\n<p><strong>Mai 2025<\/strong> &#8211; <strong>Aquarelle<\/strong><\/p>\n\n\n\n<figure class=\"wp-block-gallery has-nested-images columns-default is-cropped wp-block-gallery-1 is-layout-flex wp-block-gallery-is-layout-flex\">\n<figure class=\"wp-block-image size-large\"><img loading=\"lazy\" decoding=\"async\" width=\"708\" height=\"1024\" data-id=\"2669\" src=\"https:\/\/edithbrothelande.fr\/wp-content\/uploads\/2025\/06\/2025-JV-05-Fabienne-web-2-708x1024.jpg\" alt=\"\" class=\"wp-image-2669\" srcset=\"http:\/\/edithbrothelande.fr\/wp-content\/uploads\/2025\/06\/2025-JV-05-Fabienne-web-2-708x1024.jpg 708w, http:\/\/edithbrothelande.fr\/wp-content\/uploads\/2025\/06\/2025-JV-05-Fabienne-web-2-207x300.jpg 207w, http:\/\/edithbrothelande.fr\/wp-content\/uploads\/2025\/06\/2025-JV-05-Fabienne-web-2-768x1111.jpg 768w, http:\/\/edithbrothelande.fr\/wp-content\/uploads\/2025\/06\/2025-JV-05-Fabienne-web-2-1062x1536.jpg 1062w, http:\/\/edithbrothelande.fr\/wp-content\/uploads\/2025\/06\/2025-JV-05-Fabienne-web-2-1416x2048.jpg 1416w, http:\/\/edithbrothelande.fr\/wp-content\/uploads\/2025\/06\/2025-JV-05-Fabienne-web-2-880x1273.jpg 880w, http:\/\/edithbrothelande.fr\/wp-content\/uploads\/2025\/06\/2025-JV-05-Fabienne-web-2-220x318.jpg 220w, http:\/\/edithbrothelande.fr\/wp-content\/uploads\/2025\/06\/2025-JV-05-Fabienne-web-2-scaled.jpg 1770w\" sizes=\"auto, (max-width: 708px) 100vw, 708px\" \/><\/figure>\n\n\n\n<figure class=\"wp-block-image size-large\"><img loading=\"lazy\" decoding=\"async\" width=\"709\" height=\"1024\" data-id=\"2671\" src=\"https:\/\/edithbrothelande.fr\/wp-content\/uploads\/2025\/06\/2025-JV-05-Sylviane-web-2-709x1024.jpg\" alt=\"\" class=\"wp-image-2671\" srcset=\"http:\/\/edithbrothelande.fr\/wp-content\/uploads\/2025\/06\/2025-JV-05-Sylviane-web-2-709x1024.jpg 709w, http:\/\/edithbrothelande.fr\/wp-content\/uploads\/2025\/06\/2025-JV-05-Sylviane-web-2-208x300.jpg 208w, http:\/\/edithbrothelande.fr\/wp-content\/uploads\/2025\/06\/2025-JV-05-Sylviane-web-2-768x1109.jpg 768w, http:\/\/edithbrothelande.fr\/wp-content\/uploads\/2025\/06\/2025-JV-05-Sylviane-web-2-1064x1536.jpg 1064w, http:\/\/edithbrothelande.fr\/wp-content\/uploads\/2025\/06\/2025-JV-05-Sylviane-web-2-1418x2048.jpg 1418w, http:\/\/edithbrothelande.fr\/wp-content\/uploads\/2025\/06\/2025-JV-05-Sylviane-web-2-880x1271.jpg 880w, http:\/\/edithbrothelande.fr\/wp-content\/uploads\/2025\/06\/2025-JV-05-Sylviane-web-2-220x318.jpg 220w, http:\/\/edithbrothelande.fr\/wp-content\/uploads\/2025\/06\/2025-JV-05-Sylviane-web-2-scaled.jpg 1773w\" sizes=\"auto, (max-width: 709px) 100vw, 709px\" \/><\/figure>\n\n\n\n<figure class=\"wp-block-image size-large\"><img loading=\"lazy\" decoding=\"async\" width=\"518\" height=\"800\" data-id=\"2659\" src=\"https:\/\/edithbrothelande.fr\/wp-content\/uploads\/2025\/06\/2025-JV-05-Eric2-web.jpg\" alt=\"\" class=\"wp-image-2659\" srcset=\"http:\/\/edithbrothelande.fr\/wp-content\/uploads\/2025\/06\/2025-JV-05-Eric2-web.jpg 518w, http:\/\/edithbrothelande.fr\/wp-content\/uploads\/2025\/06\/2025-JV-05-Eric2-web-194x300.jpg 194w, http:\/\/edithbrothelande.fr\/wp-content\/uploads\/2025\/06\/2025-JV-05-Eric2-web-220x340.jpg 220w\" sizes=\"auto, (max-width: 518px) 100vw, 518px\" \/><\/figure>\n<\/figure>\n\n\n\n<p>.<\/p>\n\n\n\n<div class=\"wp-block-columns is-layout-flex wp-container-core-columns-is-layout-9d6595d7 wp-block-columns-is-layout-flex\">\n<div class=\"wp-block-column is-layout-flow wp-block-column-is-layout-flow\">\n<figure class=\"wp-block-image size-full\"><img loading=\"lazy\" decoding=\"async\" width=\"525\" height=\"800\" src=\"http:\/\/edithbrothelande.fr\/wp-content\/uploads\/2025\/06\/2025-JV-05-Eric-web-1.jpg\" alt=\"\" class=\"wp-image-2668\" srcset=\"http:\/\/edithbrothelande.fr\/wp-content\/uploads\/2025\/06\/2025-JV-05-Eric-web-1.jpg 525w, http:\/\/edithbrothelande.fr\/wp-content\/uploads\/2025\/06\/2025-JV-05-Eric-web-1-197x300.jpg 197w, http:\/\/edithbrothelande.fr\/wp-content\/uploads\/2025\/06\/2025-JV-05-Eric-web-1-220x335.jpg 220w\" sizes=\"auto, (max-width: 525px) 100vw, 525px\" \/><\/figure>\n\n\n\n<figure class=\"wp-block-image size-full\"><img loading=\"lazy\" decoding=\"async\" width=\"1\" height=\"1\" src=\"http:\/\/edithbrothelande.fr\/wp-content\/uploads\/2024\/01\/Spacer1x1px.jpg\" alt=\"\" class=\"wp-image-2172\"\/><\/figure>\n<\/div>\n\n\n\n<div class=\"wp-block-column is-layout-flow wp-block-column-is-layout-flow\">\n<figure class=\"wp-block-gallery has-nested-images columns-default is-cropped wp-block-gallery-2 is-layout-flex wp-block-gallery-is-layout-flex\">\n<figure class=\"wp-block-image size-large\"><img loading=\"lazy\" decoding=\"async\" width=\"537\" height=\"800\" data-id=\"2663\" src=\"https:\/\/edithbrothelande.fr\/wp-content\/uploads\/2025\/06\/2025-JV-05-Nadege-web.jpg\" alt=\"\" class=\"wp-image-2663\" srcset=\"http:\/\/edithbrothelande.fr\/wp-content\/uploads\/2025\/06\/2025-JV-05-Nadege-web.jpg 537w, http:\/\/edithbrothelande.fr\/wp-content\/uploads\/2025\/06\/2025-JV-05-Nadege-web-201x300.jpg 201w, http:\/\/edithbrothelande.fr\/wp-content\/uploads\/2025\/06\/2025-JV-05-Nadege-web-220x328.jpg 220w\" sizes=\"auto, (max-width: 537px) 100vw, 537px\" \/><\/figure>\n<\/figure>\n\n\n\n<figure class=\"wp-block-image size-full\"><img loading=\"lazy\" decoding=\"async\" width=\"1\" height=\"1\" src=\"http:\/\/edithbrothelande.fr\/wp-content\/uploads\/2024\/01\/Spacer1x1px.jpg\" alt=\"\" class=\"wp-image-2172\"\/><\/figure>\n<\/div>\n<\/div>\n\n\n\n<div class=\"wp-block-columns is-layout-flex wp-container-core-columns-is-layout-9d6595d7 wp-block-columns-is-layout-flex\">\n<div class=\"wp-block-column is-layout-flow wp-block-column-is-layout-flow\">\n<figure class=\"wp-block-image size-full\"><img loading=\"lazy\" decoding=\"async\" width=\"553\" height=\"800\" src=\"http:\/\/edithbrothelande.fr\/wp-content\/uploads\/2025\/08\/2025-JV-05-Marilyn-web.jpg\" alt=\"\" class=\"wp-image-2720\" srcset=\"http:\/\/edithbrothelande.fr\/wp-content\/uploads\/2025\/08\/2025-JV-05-Marilyn-web.jpg 553w, http:\/\/edithbrothelande.fr\/wp-content\/uploads\/2025\/08\/2025-JV-05-Marilyn-web-207x300.jpg 207w, http:\/\/edithbrothelande.fr\/wp-content\/uploads\/2025\/08\/2025-JV-05-Marilyn-web-220x318.jpg 220w\" sizes=\"auto, (max-width: 553px) 100vw, 553px\" \/><\/figure>\n<\/div>\n\n\n\n<div class=\"wp-block-column is-layout-flow wp-block-column-is-layout-flow\">\n<figure class=\"wp-block-image size-full\"><img loading=\"lazy\" decoding=\"async\" width=\"536\" height=\"800\" src=\"http:\/\/edithbrothelande.fr\/wp-content\/uploads\/2025\/06\/2025-JV-05-Dominique-web.jpg\" alt=\"\" class=\"wp-image-2660\" srcset=\"http:\/\/edithbrothelande.fr\/wp-content\/uploads\/2025\/06\/2025-JV-05-Dominique-web.jpg 536w, http:\/\/edithbrothelande.fr\/wp-content\/uploads\/2025\/06\/2025-JV-05-Dominique-web-201x300.jpg 201w, http:\/\/edithbrothelande.fr\/wp-content\/uploads\/2025\/06\/2025-JV-05-Dominique-web-220x328.jpg 220w\" sizes=\"auto, (max-width: 536px) 100vw, 536px\" \/><\/figure>\n<\/div>\n<\/div>\n\n\n\n<p>.<\/p>\n\n\n\n<p><strong>Avril 2025<\/strong> &#8211; <strong>Exposition \u00e0 la F\u00eate des Savoirs &amp; Savoir-faire<\/strong><\/p>\n\n\n\n<figure class=\"wp-block-gallery has-nested-images columns-default is-cropped wp-block-gallery-3 is-layout-flex wp-block-gallery-is-layout-flex\">\n<figure class=\"wp-block-image size-large\"><img loading=\"lazy\" decoding=\"async\" width=\"800\" height=\"600\" data-id=\"2645\" src=\"https:\/\/edithbrothelande.fr\/wp-content\/uploads\/2025\/06\/2025-JV-04-Fete-Savoirs-03.jpg\" alt=\"\" class=\"wp-image-2645\" srcset=\"http:\/\/edithbrothelande.fr\/wp-content\/uploads\/2025\/06\/2025-JV-04-Fete-Savoirs-03.jpg 800w, http:\/\/edithbrothelande.fr\/wp-content\/uploads\/2025\/06\/2025-JV-04-Fete-Savoirs-03-300x225.jpg 300w, http:\/\/edithbrothelande.fr\/wp-content\/uploads\/2025\/06\/2025-JV-04-Fete-Savoirs-03-768x576.jpg 768w, http:\/\/edithbrothelande.fr\/wp-content\/uploads\/2025\/06\/2025-JV-04-Fete-Savoirs-03-220x165.jpg 220w\" sizes=\"auto, (max-width: 800px) 100vw, 800px\" \/><\/figure>\n\n\n\n<figure class=\"wp-block-image size-large\"><img loading=\"lazy\" decoding=\"async\" width=\"800\" height=\"600\" data-id=\"2643\" src=\"https:\/\/edithbrothelande.fr\/wp-content\/uploads\/2025\/06\/2025-JV-04-Fete-Savoirs-01.jpg\" alt=\"\" class=\"wp-image-2643\" srcset=\"http:\/\/edithbrothelande.fr\/wp-content\/uploads\/2025\/06\/2025-JV-04-Fete-Savoirs-01.jpg 800w, http:\/\/edithbrothelande.fr\/wp-content\/uploads\/2025\/06\/2025-JV-04-Fete-Savoirs-01-300x225.jpg 300w, http:\/\/edithbrothelande.fr\/wp-content\/uploads\/2025\/06\/2025-JV-04-Fete-Savoirs-01-768x576.jpg 768w, http:\/\/edithbrothelande.fr\/wp-content\/uploads\/2025\/06\/2025-JV-04-Fete-Savoirs-01-220x165.jpg 220w\" sizes=\"auto, (max-width: 800px) 100vw, 800px\" \/><\/figure>\n\n\n\n<figure class=\"wp-block-image size-large\"><img loading=\"lazy\" decoding=\"async\" width=\"800\" height=\"600\" data-id=\"2646\" src=\"https:\/\/edithbrothelande.fr\/wp-content\/uploads\/2025\/06\/2025-JV-04-Fete-Savoirs-04.jpg\" alt=\"\" class=\"wp-image-2646\" srcset=\"http:\/\/edithbrothelande.fr\/wp-content\/uploads\/2025\/06\/2025-JV-04-Fete-Savoirs-04.jpg 800w, http:\/\/edithbrothelande.fr\/wp-content\/uploads\/2025\/06\/2025-JV-04-Fete-Savoirs-04-300x225.jpg 300w, http:\/\/edithbrothelande.fr\/wp-content\/uploads\/2025\/06\/2025-JV-04-Fete-Savoirs-04-768x576.jpg 768w, http:\/\/edithbrothelande.fr\/wp-content\/uploads\/2025\/06\/2025-JV-04-Fete-Savoirs-04-220x165.jpg 220w\" sizes=\"auto, (max-width: 800px) 100vw, 800px\" \/><\/figure>\n\n\n\n<figure class=\"wp-block-image size-large\"><img loading=\"lazy\" decoding=\"async\" width=\"800\" height=\"600\" data-id=\"2647\" src=\"https:\/\/edithbrothelande.fr\/wp-content\/uploads\/2025\/06\/2025-JV-04-Fete-Savoirs-05.jpg\" alt=\"\" class=\"wp-image-2647\" srcset=\"http:\/\/edithbrothelande.fr\/wp-content\/uploads\/2025\/06\/2025-JV-04-Fete-Savoirs-05.jpg 800w, http:\/\/edithbrothelande.fr\/wp-content\/uploads\/2025\/06\/2025-JV-04-Fete-Savoirs-05-300x225.jpg 300w, http:\/\/edithbrothelande.fr\/wp-content\/uploads\/2025\/06\/2025-JV-04-Fete-Savoirs-05-768x576.jpg 768w, http:\/\/edithbrothelande.fr\/wp-content\/uploads\/2025\/06\/2025-JV-04-Fete-Savoirs-05-220x165.jpg 220w\" sizes=\"auto, (max-width: 800px) 100vw, 800px\" \/><\/figure>\n<\/figure>\n\n\n\n<div class=\"wp-block-columns is-layout-flex wp-container-core-columns-is-layout-9d6595d7 wp-block-columns-is-layout-flex\">\n<div class=\"wp-block-column is-layout-flow wp-block-column-is-layout-flow\"><\/div>\n\n\n\n<div class=\"wp-block-column is-layout-flow wp-block-column-is-layout-flow\"><\/div>\n<\/div>\n\n\n\n<p>.<\/p>\n\n\n\n<p><strong>Avril 2025<\/strong> &#8211; <strong>Dessin au pastel sec <\/strong>d&rsquo;apr\u00e8s une \u0153uvre de Rita Kirkman<\/p>\n\n\n\n<div class=\"wp-block-columns is-layout-flex wp-container-core-columns-is-layout-9d6595d7 wp-block-columns-is-layout-flex\">\n<div class=\"wp-block-column is-layout-flow wp-block-column-is-layout-flow\">\n<figure class=\"wp-block-image size-full\"><img loading=\"lazy\" decoding=\"async\" width=\"800\" height=\"702\" src=\"https:\/\/edithbrothelande.fr\/wp-content\/uploads\/2025\/04\/2025-JV-04-Eric-web.jpg\" alt=\"\" class=\"wp-image-2598\" srcset=\"http:\/\/edithbrothelande.fr\/wp-content\/uploads\/2025\/04\/2025-JV-04-Eric-web.jpg 800w, http:\/\/edithbrothelande.fr\/wp-content\/uploads\/2025\/04\/2025-JV-04-Eric-web-300x263.jpg 300w, http:\/\/edithbrothelande.fr\/wp-content\/uploads\/2025\/04\/2025-JV-04-Eric-web-768x674.jpg 768w, http:\/\/edithbrothelande.fr\/wp-content\/uploads\/2025\/04\/2025-JV-04-Eric-web-220x193.jpg 220w\" sizes=\"auto, (max-width: 800px) 100vw, 800px\" \/><\/figure>\n\n\n\n<figure class=\"wp-block-image size-full\"><img loading=\"lazy\" decoding=\"async\" width=\"3\" height=\"10\" src=\"http:\/\/edithbrothelande.fr\/wp-content\/uploads\/2024\/01\/Spacer3x10px.jpg\" alt=\"\" class=\"wp-image-2159\"\/><\/figure>\n\n\n\n<figure class=\"wp-block-image size-full\"><img loading=\"lazy\" decoding=\"async\" width=\"800\" height=\"579\" src=\"https:\/\/edithbrothelande.fr\/wp-content\/uploads\/2025\/06\/2025-JV-04-Nadege-web.jpg\" alt=\"\" class=\"wp-image-2655\" srcset=\"http:\/\/edithbrothelande.fr\/wp-content\/uploads\/2025\/06\/2025-JV-04-Nadege-web.jpg 800w, http:\/\/edithbrothelande.fr\/wp-content\/uploads\/2025\/06\/2025-JV-04-Nadege-web-300x217.jpg 300w, http:\/\/edithbrothelande.fr\/wp-content\/uploads\/2025\/06\/2025-JV-04-Nadege-web-768x556.jpg 768w, http:\/\/edithbrothelande.fr\/wp-content\/uploads\/2025\/06\/2025-JV-04-Nadege-web-220x159.jpg 220w\" sizes=\"auto, (max-width: 800px) 100vw, 800px\" \/><\/figure>\n<\/div>\n\n\n\n<div class=\"wp-block-column is-layout-flow wp-block-column-is-layout-flow\">\n<figure class=\"wp-block-image size-full\"><img loading=\"lazy\" decoding=\"async\" width=\"800\" height=\"603\" src=\"https:\/\/edithbrothelande.fr\/wp-content\/uploads\/2025\/04\/2025-JV-04-Philippe-web.jpg\" alt=\"\" class=\"wp-image-2600\" srcset=\"http:\/\/edithbrothelande.fr\/wp-content\/uploads\/2025\/04\/2025-JV-04-Philippe-web.jpg 800w, http:\/\/edithbrothelande.fr\/wp-content\/uploads\/2025\/04\/2025-JV-04-Philippe-web-300x226.jpg 300w, http:\/\/edithbrothelande.fr\/wp-content\/uploads\/2025\/04\/2025-JV-04-Philippe-web-768x579.jpg 768w, http:\/\/edithbrothelande.fr\/wp-content\/uploads\/2025\/04\/2025-JV-04-Philippe-web-220x166.jpg 220w\" sizes=\"auto, (max-width: 800px) 100vw, 800px\" \/><\/figure>\n\n\n\n<figure class=\"wp-block-image size-full\"><img loading=\"lazy\" decoding=\"async\" width=\"3\" height=\"10\" src=\"http:\/\/edithbrothelande.fr\/wp-content\/uploads\/2024\/01\/Spacer3x10px.jpg\" alt=\"\" class=\"wp-image-2159\"\/><\/figure>\n\n\n\n<figure class=\"wp-block-image size-full\"><img loading=\"lazy\" decoding=\"async\" width=\"800\" height=\"700\" src=\"https:\/\/edithbrothelande.fr\/wp-content\/uploads\/2025\/06\/2025-JV-04-Irma1-web.jpg\" alt=\"\" class=\"wp-image-2654\" srcset=\"http:\/\/edithbrothelande.fr\/wp-content\/uploads\/2025\/06\/2025-JV-04-Irma1-web.jpg 800w, http:\/\/edithbrothelande.fr\/wp-content\/uploads\/2025\/06\/2025-JV-04-Irma1-web-300x263.jpg 300w, http:\/\/edithbrothelande.fr\/wp-content\/uploads\/2025\/06\/2025-JV-04-Irma1-web-768x672.jpg 768w, http:\/\/edithbrothelande.fr\/wp-content\/uploads\/2025\/06\/2025-JV-04-Irma1-web-220x193.jpg 220w\" sizes=\"auto, (max-width: 800px) 100vw, 800px\" \/><\/figure>\n<\/div>\n<\/div>\n\n\n\n<p>.<\/p>\n\n\n\n<p><strong>Mars 2025<\/strong> &#8211; <strong>Dessin sur la morphologie<\/strong><\/p>\n\n\n\n<div class=\"wp-block-columns is-layout-flex wp-container-core-columns-is-layout-9d6595d7 wp-block-columns-is-layout-flex\">\n<div class=\"wp-block-column is-layout-flow wp-block-column-is-layout-flow\">\n<figure class=\"wp-block-image size-full\"><img loading=\"lazy\" decoding=\"async\" width=\"600\" height=\"800\" src=\"https:\/\/edithbrothelande.fr\/wp-content\/uploads\/2025\/04\/2025-JV-03-Nicole-web.jpg\" alt=\"\" class=\"wp-image-2587\" srcset=\"http:\/\/edithbrothelande.fr\/wp-content\/uploads\/2025\/04\/2025-JV-03-Nicole-web.jpg 600w, http:\/\/edithbrothelande.fr\/wp-content\/uploads\/2025\/04\/2025-JV-03-Nicole-web-225x300.jpg 225w, http:\/\/edithbrothelande.fr\/wp-content\/uploads\/2025\/04\/2025-JV-03-Nicole-web-220x293.jpg 220w\" sizes=\"auto, (max-width: 600px) 100vw, 600px\" \/><\/figure>\n<\/div>\n\n\n\n<div class=\"wp-block-column is-layout-flow wp-block-column-is-layout-flow\">\n<figure class=\"wp-block-image size-full\"><img loading=\"lazy\" decoding=\"async\" width=\"600\" height=\"800\" src=\"https:\/\/edithbrothelande.fr\/wp-content\/uploads\/2025\/04\/2025-JV-03-Philippe-web.jpg\" alt=\"\" class=\"wp-image-2588\" srcset=\"http:\/\/edithbrothelande.fr\/wp-content\/uploads\/2025\/04\/2025-JV-03-Philippe-web.jpg 600w, http:\/\/edithbrothelande.fr\/wp-content\/uploads\/2025\/04\/2025-JV-03-Philippe-web-225x300.jpg 225w, http:\/\/edithbrothelande.fr\/wp-content\/uploads\/2025\/04\/2025-JV-03-Philippe-web-220x293.jpg 220w\" sizes=\"auto, (max-width: 600px) 100vw, 600px\" \/><\/figure>\n<\/div>\n<\/div>\n\n\n\n<p>.<\/p>\n\n\n\n<p><strong>Janvier 2025<\/strong> &#8211; <strong>D&rsquo;apr\u00e8s les Nymph\u00e9as de Monet<\/strong><\/p>\n\n\n\n<figure class=\"wp-block-gallery has-nested-images columns-default is-cropped wp-block-gallery-4 is-layout-flex wp-block-gallery-is-layout-flex\">\n<figure class=\"wp-block-image size-large\"><img loading=\"lazy\" decoding=\"async\" width=\"1000\" height=\"820\" data-id=\"2557\" src=\"http:\/\/edithbrothelande.fr\/wp-content\/uploads\/2025\/02\/2025-JV-01-Nadege-web.jpg\" alt=\"\" class=\"wp-image-2557\" srcset=\"http:\/\/edithbrothelande.fr\/wp-content\/uploads\/2025\/02\/2025-JV-01-Nadege-web.jpg 1000w, http:\/\/edithbrothelande.fr\/wp-content\/uploads\/2025\/02\/2025-JV-01-Nadege-web-300x246.jpg 300w, http:\/\/edithbrothelande.fr\/wp-content\/uploads\/2025\/02\/2025-JV-01-Nadege-web-768x630.jpg 768w, http:\/\/edithbrothelande.fr\/wp-content\/uploads\/2025\/02\/2025-JV-01-Nadege-web-880x722.jpg 880w, http:\/\/edithbrothelande.fr\/wp-content\/uploads\/2025\/02\/2025-JV-01-Nadege-web-220x180.jpg 220w\" sizes=\"auto, (max-width: 1000px) 100vw, 1000px\" \/><\/figure>\n\n\n\n<figure class=\"wp-block-image size-large\"><img loading=\"lazy\" decoding=\"async\" width=\"1000\" height=\"756\" data-id=\"2558\" src=\"http:\/\/edithbrothelande.fr\/wp-content\/uploads\/2025\/02\/2025-JV-01-Natalie-2-web.jpg\" alt=\"\" class=\"wp-image-2558\" srcset=\"http:\/\/edithbrothelande.fr\/wp-content\/uploads\/2025\/02\/2025-JV-01-Natalie-2-web.jpg 1000w, http:\/\/edithbrothelande.fr\/wp-content\/uploads\/2025\/02\/2025-JV-01-Natalie-2-web-300x227.jpg 300w, http:\/\/edithbrothelande.fr\/wp-content\/uploads\/2025\/02\/2025-JV-01-Natalie-2-web-768x581.jpg 768w, http:\/\/edithbrothelande.fr\/wp-content\/uploads\/2025\/02\/2025-JV-01-Natalie-2-web-880x665.jpg 880w, http:\/\/edithbrothelande.fr\/wp-content\/uploads\/2025\/02\/2025-JV-01-Natalie-2-web-220x166.jpg 220w\" sizes=\"auto, (max-width: 1000px) 100vw, 1000px\" \/><\/figure>\n\n\n\n<figure class=\"wp-block-image size-large\"><img loading=\"lazy\" decoding=\"async\" width=\"1000\" height=\"749\" data-id=\"2559\" src=\"http:\/\/edithbrothelande.fr\/wp-content\/uploads\/2025\/02\/2025-JV-01-Sylviane-web.jpg\" alt=\"\" class=\"wp-image-2559\" srcset=\"http:\/\/edithbrothelande.fr\/wp-content\/uploads\/2025\/02\/2025-JV-01-Sylviane-web.jpg 1000w, http:\/\/edithbrothelande.fr\/wp-content\/uploads\/2025\/02\/2025-JV-01-Sylviane-web-300x225.jpg 300w, http:\/\/edithbrothelande.fr\/wp-content\/uploads\/2025\/02\/2025-JV-01-Sylviane-web-768x575.jpg 768w, http:\/\/edithbrothelande.fr\/wp-content\/uploads\/2025\/02\/2025-JV-01-Sylviane-web-880x659.jpg 880w, http:\/\/edithbrothelande.fr\/wp-content\/uploads\/2025\/02\/2025-JV-01-Sylviane-web-220x165.jpg 220w\" sizes=\"auto, (max-width: 1000px) 100vw, 1000px\" \/><\/figure>\n<\/figure>\n\n\n\n<p>.<\/p>\n\n\n\n<p><strong>Janvier 2025<\/strong> &#8211; <strong>Sujets divers<\/strong><\/p>\n\n\n\n<figure class=\"wp-block-gallery has-nested-images columns-default is-cropped wp-block-gallery-5 is-layout-flex wp-block-gallery-is-layout-flex\">\n<figure class=\"wp-block-image size-large\"><img loading=\"lazy\" decoding=\"async\" width=\"1000\" height=\"784\" data-id=\"2560\" src=\"http:\/\/edithbrothelande.fr\/wp-content\/uploads\/2025\/02\/2025-JV-01-Marylin-web.jpg\" alt=\"\" class=\"wp-image-2560\" srcset=\"http:\/\/edithbrothelande.fr\/wp-content\/uploads\/2025\/02\/2025-JV-01-Marylin-web.jpg 1000w, http:\/\/edithbrothelande.fr\/wp-content\/uploads\/2025\/02\/2025-JV-01-Marylin-web-300x235.jpg 300w, http:\/\/edithbrothelande.fr\/wp-content\/uploads\/2025\/02\/2025-JV-01-Marylin-web-768x602.jpg 768w, http:\/\/edithbrothelande.fr\/wp-content\/uploads\/2025\/02\/2025-JV-01-Marylin-web-880x690.jpg 880w, http:\/\/edithbrothelande.fr\/wp-content\/uploads\/2025\/02\/2025-JV-01-Marylin-web-220x172.jpg 220w\" sizes=\"auto, (max-width: 1000px) 100vw, 1000px\" \/><\/figure>\n\n\n\n<figure class=\"wp-block-image size-large\"><img loading=\"lazy\" decoding=\"async\" width=\"1000\" height=\"750\" data-id=\"2561\" src=\"http:\/\/edithbrothelande.fr\/wp-content\/uploads\/2025\/02\/2025-JV-01-Dominique-web.jpg\" alt=\"\" class=\"wp-image-2561\" srcset=\"http:\/\/edithbrothelande.fr\/wp-content\/uploads\/2025\/02\/2025-JV-01-Dominique-web.jpg 1000w, http:\/\/edithbrothelande.fr\/wp-content\/uploads\/2025\/02\/2025-JV-01-Dominique-web-300x225.jpg 300w, http:\/\/edithbrothelande.fr\/wp-content\/uploads\/2025\/02\/2025-JV-01-Dominique-web-768x576.jpg 768w, http:\/\/edithbrothelande.fr\/wp-content\/uploads\/2025\/02\/2025-JV-01-Dominique-web-880x660.jpg 880w, http:\/\/edithbrothelande.fr\/wp-content\/uploads\/2025\/02\/2025-JV-01-Dominique-web-220x165.jpg 220w\" sizes=\"auto, (max-width: 1000px) 100vw, 1000px\" \/><\/figure>\n<\/figure>\n\n\n\n<p>.<\/p>\n\n\n\n<p><strong>Mai 2024<\/strong> &#8211; <strong>Sujets libres<\/strong><\/p>\n\n\n\n<figure class=\"wp-block-gallery has-nested-images columns-default is-cropped wp-block-gallery-6 is-layout-flex wp-block-gallery-is-layout-flex\">\n<figure class=\"wp-block-image size-large\"><img loading=\"lazy\" decoding=\"async\" width=\"768\" height=\"1024\" data-id=\"2332\" src=\"http:\/\/edithbrothelande.fr\/wp-content\/uploads\/2024\/06\/2024-Ballan-mai-Mailyn-768x1024.jpg\" alt=\"\" class=\"wp-image-2332\" srcset=\"http:\/\/edithbrothelande.fr\/wp-content\/uploads\/2024\/06\/2024-Ballan-mai-Mailyn-768x1024.jpg 768w, http:\/\/edithbrothelande.fr\/wp-content\/uploads\/2024\/06\/2024-Ballan-mai-Mailyn-225x300.jpg 225w, http:\/\/edithbrothelande.fr\/wp-content\/uploads\/2024\/06\/2024-Ballan-mai-Mailyn-880x1173.jpg 880w, http:\/\/edithbrothelande.fr\/wp-content\/uploads\/2024\/06\/2024-Ballan-mai-Mailyn-220x293.jpg 220w, http:\/\/edithbrothelande.fr\/wp-content\/uploads\/2024\/06\/2024-Ballan-mai-Mailyn.jpg 1000w\" sizes=\"auto, (max-width: 768px) 100vw, 768px\" \/><figcaption class=\"wp-element-caption\">Peinture \u00e0 l&rsquo;huile<\/figcaption><\/figure>\n\n\n\n<figure class=\"wp-block-image size-large\"><img loading=\"lazy\" decoding=\"async\" width=\"768\" height=\"1024\" data-id=\"2334\" src=\"http:\/\/edithbrothelande.fr\/wp-content\/uploads\/2024\/06\/2024-Ballan-mai-Mailyn2-768x1024.jpg\" alt=\"\" class=\"wp-image-2334\" srcset=\"http:\/\/edithbrothelande.fr\/wp-content\/uploads\/2024\/06\/2024-Ballan-mai-Mailyn2-768x1024.jpg 768w, http:\/\/edithbrothelande.fr\/wp-content\/uploads\/2024\/06\/2024-Ballan-mai-Mailyn2-225x300.jpg 225w, http:\/\/edithbrothelande.fr\/wp-content\/uploads\/2024\/06\/2024-Ballan-mai-Mailyn2-880x1173.jpg 880w, http:\/\/edithbrothelande.fr\/wp-content\/uploads\/2024\/06\/2024-Ballan-mai-Mailyn2-220x293.jpg 220w, http:\/\/edithbrothelande.fr\/wp-content\/uploads\/2024\/06\/2024-Ballan-mai-Mailyn2.jpg 1000w\" sizes=\"auto, (max-width: 768px) 100vw, 768px\" \/><figcaption class=\"wp-element-caption\">Premi\u00e8res couches de peinture<\/figcaption><\/figure>\n<\/figure>\n\n\n\n<p>.<\/p>\n\n\n\n<p><strong>Mars 2024<\/strong> &#8211; <strong>Sujets libres \u00e0 l&rsquo;aquarelle et \u00e0 l&rsquo;acrylique<\/strong><\/p>\n\n\n\n<figure class=\"wp-block-gallery has-nested-images columns-default is-cropped wp-block-gallery-7 is-layout-flex wp-block-gallery-is-layout-flex\">\n<figure class=\"wp-block-image size-large\"><img loading=\"lazy\" decoding=\"async\" width=\"750\" height=\"1000\" data-id=\"2269\" src=\"http:\/\/edithbrothelande.fr\/wp-content\/uploads\/2024\/03\/2024-Ballan-Aquarelle-MariePierre.jpg\" alt=\"\" class=\"wp-image-2269\" srcset=\"http:\/\/edithbrothelande.fr\/wp-content\/uploads\/2024\/03\/2024-Ballan-Aquarelle-MariePierre.jpg 750w, http:\/\/edithbrothelande.fr\/wp-content\/uploads\/2024\/03\/2024-Ballan-Aquarelle-MariePierre-225x300.jpg 225w, http:\/\/edithbrothelande.fr\/wp-content\/uploads\/2024\/03\/2024-Ballan-Aquarelle-MariePierre-220x293.jpg 220w\" sizes=\"auto, (max-width: 750px) 100vw, 750px\" \/><\/figure>\n\n\n\n<figure class=\"wp-block-image size-large\"><img loading=\"lazy\" decoding=\"async\" width=\"1000\" height=\"750\" data-id=\"2268\" src=\"http:\/\/edithbrothelande.fr\/wp-content\/uploads\/2024\/03\/2024-Cheval-Marion.jpg\" alt=\"\" class=\"wp-image-2268\" srcset=\"http:\/\/edithbrothelande.fr\/wp-content\/uploads\/2024\/03\/2024-Cheval-Marion.jpg 1000w, http:\/\/edithbrothelande.fr\/wp-content\/uploads\/2024\/03\/2024-Cheval-Marion-300x225.jpg 300w, http:\/\/edithbrothelande.fr\/wp-content\/uploads\/2024\/03\/2024-Cheval-Marion-768x576.jpg 768w, http:\/\/edithbrothelande.fr\/wp-content\/uploads\/2024\/03\/2024-Cheval-Marion-880x660.jpg 880w, http:\/\/edithbrothelande.fr\/wp-content\/uploads\/2024\/03\/2024-Cheval-Marion-220x165.jpg 220w\" sizes=\"auto, (max-width: 1000px) 100vw, 1000px\" \/><\/figure>\n<\/figure>\n\n\n\n<p>.<\/p>\n\n\n\n<p><strong>D\u00e9cembre 2023<\/strong> &#8211; <strong>Plusieurs travaux en cours de r\u00e9alisation<\/strong> d&rsquo;apr\u00e8s une \u0153uvre de Henri Moret, La br\u00e8che<\/p>\n\n\n\n<div class=\"wp-block-columns is-layout-flex wp-container-core-columns-is-layout-9d6595d7 wp-block-columns-is-layout-flex\">\n<div class=\"wp-block-column is-layout-flow wp-block-column-is-layout-flow\">\n<figure class=\"wp-block-image size-full\"><img loading=\"lazy\" decoding=\"async\" width=\"1\" height=\"1\" src=\"http:\/\/edithbrothelande.fr\/wp-content\/uploads\/2024\/01\/Spacer1x1px.jpg\" alt=\"\" class=\"wp-image-2172\"\/><\/figure>\n\n\n\n<figure class=\"wp-block-image size-full\"><img loading=\"lazy\" decoding=\"async\" width=\"750\" height=\"1000\" src=\"http:\/\/edithbrothelande.fr\/wp-content\/uploads\/2024\/03\/2024-Ballan-Breche3.jpg\" alt=\"\" class=\"wp-image-2271\" srcset=\"http:\/\/edithbrothelande.fr\/wp-content\/uploads\/2024\/03\/2024-Ballan-Breche3.jpg 750w, http:\/\/edithbrothelande.fr\/wp-content\/uploads\/2024\/03\/2024-Ballan-Breche3-225x300.jpg 225w, http:\/\/edithbrothelande.fr\/wp-content\/uploads\/2024\/03\/2024-Ballan-Breche3-220x293.jpg 220w\" sizes=\"auto, (max-width: 750px) 100vw, 750px\" \/><\/figure>\n\n\n\n<figure class=\"wp-block-image size-full\"><img loading=\"lazy\" decoding=\"async\" width=\"1\" height=\"1\" src=\"http:\/\/edithbrothelande.fr\/wp-content\/uploads\/2024\/01\/Spacer1x1px.jpg\" alt=\"\" class=\"wp-image-2172\"\/><\/figure>\n\n\n\n<figure class=\"wp-block-image size-full\"><img loading=\"lazy\" decoding=\"async\" width=\"750\" height=\"1000\" src=\"http:\/\/edithbrothelande.fr\/wp-content\/uploads\/2024\/03\/2024-Ballan-Breche6.jpg\" alt=\"\" class=\"wp-image-2274\" srcset=\"http:\/\/edithbrothelande.fr\/wp-content\/uploads\/2024\/03\/2024-Ballan-Breche6.jpg 750w, http:\/\/edithbrothelande.fr\/wp-content\/uploads\/2024\/03\/2024-Ballan-Breche6-225x300.jpg 225w, http:\/\/edithbrothelande.fr\/wp-content\/uploads\/2024\/03\/2024-Ballan-Breche6-220x293.jpg 220w\" sizes=\"auto, (max-width: 750px) 100vw, 750px\" \/><\/figure>\n\n\n\n<figure class=\"wp-block-image size-full\"><img loading=\"lazy\" decoding=\"async\" width=\"1\" height=\"1\" src=\"http:\/\/edithbrothelande.fr\/wp-content\/uploads\/2024\/01\/Spacer1x1px.jpg\" alt=\"\" class=\"wp-image-2172\"\/><\/figure>\n<\/div>\n\n\n\n<div class=\"wp-block-column is-layout-flow wp-block-column-is-layout-flow\">\n<figure class=\"wp-block-image size-full is-resized\"><img loading=\"lazy\" decoding=\"async\" width=\"1\" height=\"1\" src=\"http:\/\/edithbrothelande.fr\/wp-content\/uploads\/2024\/01\/Spacer1x1px.jpg\" alt=\"\" class=\"wp-image-2172\" style=\"width:20px;height:auto\"\/><\/figure>\n\n\n\n<figure class=\"wp-block-image size-full\"><img loading=\"lazy\" decoding=\"async\" width=\"750\" height=\"1000\" src=\"http:\/\/edithbrothelande.fr\/wp-content\/uploads\/2024\/03\/2024-Ballan-Breche4.jpg\" alt=\"\" class=\"wp-image-2272\" srcset=\"http:\/\/edithbrothelande.fr\/wp-content\/uploads\/2024\/03\/2024-Ballan-Breche4.jpg 750w, http:\/\/edithbrothelande.fr\/wp-content\/uploads\/2024\/03\/2024-Ballan-Breche4-225x300.jpg 225w, http:\/\/edithbrothelande.fr\/wp-content\/uploads\/2024\/03\/2024-Ballan-Breche4-220x293.jpg 220w\" sizes=\"auto, (max-width: 750px) 100vw, 750px\" \/><\/figure>\n\n\n\n<figure class=\"wp-block-image size-full is-resized\"><img loading=\"lazy\" decoding=\"async\" width=\"1\" height=\"1\" src=\"http:\/\/edithbrothelande.fr\/wp-content\/uploads\/2024\/01\/Spacer1x1px.jpg\" alt=\"\" class=\"wp-image-2172\" style=\"width:20px;height:auto\"\/><\/figure>\n\n\n\n<figure class=\"wp-block-image size-large\"><img loading=\"lazy\" decoding=\"async\" width=\"651\" height=\"1024\" src=\"http:\/\/edithbrothelande.fr\/wp-content\/uploads\/2024\/06\/2024-Ballan-mai-MarieTherese-1-651x1024.jpg\" alt=\"\" class=\"wp-image-2336\" srcset=\"http:\/\/edithbrothelande.fr\/wp-content\/uploads\/2024\/06\/2024-Ballan-mai-MarieTherese-1-651x1024.jpg 651w, http:\/\/edithbrothelande.fr\/wp-content\/uploads\/2024\/06\/2024-Ballan-mai-MarieTherese-1-191x300.jpg 191w, http:\/\/edithbrothelande.fr\/wp-content\/uploads\/2024\/06\/2024-Ballan-mai-MarieTherese-1-768x1208.jpg 768w, http:\/\/edithbrothelande.fr\/wp-content\/uploads\/2024\/06\/2024-Ballan-mai-MarieTherese-1-976x1536.jpg 976w, http:\/\/edithbrothelande.fr\/wp-content\/uploads\/2024\/06\/2024-Ballan-mai-MarieTherese-1-880x1384.jpg 880w, http:\/\/edithbrothelande.fr\/wp-content\/uploads\/2024\/06\/2024-Ballan-mai-MarieTherese-1-220x346.jpg 220w, http:\/\/edithbrothelande.fr\/wp-content\/uploads\/2024\/06\/2024-Ballan-mai-MarieTherese-1.jpg 1000w\" sizes=\"auto, (max-width: 651px) 100vw, 651px\" \/><\/figure>\n<\/div>\n\n\n\n<div class=\"wp-block-column is-layout-flow wp-block-column-is-layout-flow\">\n<figure class=\"wp-block-image size-full\"><img loading=\"lazy\" decoding=\"async\" width=\"750\" height=\"1000\" src=\"http:\/\/edithbrothelande.fr\/wp-content\/uploads\/2024\/03\/2024-Ballan-Breche2.jpg\" alt=\"\" class=\"wp-image-2270\" srcset=\"http:\/\/edithbrothelande.fr\/wp-content\/uploads\/2024\/03\/2024-Ballan-Breche2.jpg 750w, http:\/\/edithbrothelande.fr\/wp-content\/uploads\/2024\/03\/2024-Ballan-Breche2-225x300.jpg 225w, http:\/\/edithbrothelande.fr\/wp-content\/uploads\/2024\/03\/2024-Ballan-Breche2-220x293.jpg 220w\" sizes=\"auto, (max-width: 750px) 100vw, 750px\" \/><\/figure>\n\n\n\n<figure class=\"wp-block-image size-full\"><img loading=\"lazy\" decoding=\"async\" width=\"1\" height=\"1\" src=\"http:\/\/edithbrothelande.fr\/wp-content\/uploads\/2024\/01\/Spacer1x1px.jpg\" alt=\"\" class=\"wp-image-2172\"\/><\/figure>\n\n\n\n<figure class=\"wp-block-image size-full\"><img loading=\"lazy\" decoding=\"async\" width=\"1\" height=\"1\" src=\"http:\/\/edithbrothelande.fr\/wp-content\/uploads\/2024\/01\/Spacer1x1px.jpg\" alt=\"\" class=\"wp-image-2172\"\/><\/figure>\n\n\n\n<figure class=\"wp-block-image size-full\"><img loading=\"lazy\" decoding=\"async\" width=\"739\" height=\"1000\" src=\"http:\/\/edithbrothelande.fr\/wp-content\/uploads\/2024\/03\/2024-Ballan-Breche1.jpg\" alt=\"\" class=\"wp-image-2275\" srcset=\"http:\/\/edithbrothelande.fr\/wp-content\/uploads\/2024\/03\/2024-Ballan-Breche1.jpg 739w, http:\/\/edithbrothelande.fr\/wp-content\/uploads\/2024\/03\/2024-Ballan-Breche1-222x300.jpg 222w, http:\/\/edithbrothelande.fr\/wp-content\/uploads\/2024\/03\/2024-Ballan-Breche1-220x298.jpg 220w\" sizes=\"auto, (max-width: 739px) 100vw, 739px\" \/><\/figure>\n<\/div>\n<\/div>\n\n\n\n<p>.<\/p>\n\n\n\n<p><strong>Juin 2023<\/strong> &#8211; <strong>Plusieurs techniques utilis\u00e9es : <\/strong>acrylique, crayon mine de plomb et pastel<\/p>\n\n\n\n<figure class=\"wp-block-gallery has-nested-images columns-default is-cropped wp-block-gallery-8 is-layout-flex wp-block-gallery-is-layout-flex\">\n<figure class=\"wp-block-image size-large\"><img loading=\"lazy\" decoding=\"async\" width=\"374\" height=\"800\" data-id=\"1938\" src=\"http:\/\/edithbrothelande.fr\/wp-content\/uploads\/2023\/07\/20230531_Ballan-Nadege3.jpg\" alt=\"\" class=\"wp-image-1938\" srcset=\"http:\/\/edithbrothelande.fr\/wp-content\/uploads\/2023\/07\/20230531_Ballan-Nadege3.jpg 374w, http:\/\/edithbrothelande.fr\/wp-content\/uploads\/2023\/07\/20230531_Ballan-Nadege3-140x300.jpg 140w, http:\/\/edithbrothelande.fr\/wp-content\/uploads\/2023\/07\/20230531_Ballan-Nadege3-220x471.jpg 220w\" sizes=\"auto, (max-width: 374px) 100vw, 374px\" \/><\/figure>\n\n\n\n<figure class=\"wp-block-image size-large\"><img loading=\"lazy\" decoding=\"async\" width=\"768\" height=\"1024\" data-id=\"1940\" src=\"http:\/\/edithbrothelande.fr\/wp-content\/uploads\/2023\/07\/20230614_Ballan-Eva-768x1024.jpg\" alt=\"\" class=\"wp-image-1940\" srcset=\"http:\/\/edithbrothelande.fr\/wp-content\/uploads\/2023\/07\/20230614_Ballan-Eva-768x1024.jpg 768w, http:\/\/edithbrothelande.fr\/wp-content\/uploads\/2023\/07\/20230614_Ballan-Eva-225x300.jpg 225w, http:\/\/edithbrothelande.fr\/wp-content\/uploads\/2023\/07\/20230614_Ballan-Eva-1152x1536.jpg 1152w, http:\/\/edithbrothelande.fr\/wp-content\/uploads\/2023\/07\/20230614_Ballan-Eva-1535x2048.jpg 1535w, http:\/\/edithbrothelande.fr\/wp-content\/uploads\/2023\/07\/20230614_Ballan-Eva-880x1174.jpg 880w, http:\/\/edithbrothelande.fr\/wp-content\/uploads\/2023\/07\/20230614_Ballan-Eva-220x293.jpg 220w, http:\/\/edithbrothelande.fr\/wp-content\/uploads\/2023\/07\/20230614_Ballan-Eva-scaled.jpg 1919w\" sizes=\"auto, (max-width: 768px) 100vw, 768px\" \/><\/figure>\n\n\n\n<figure class=\"wp-block-image size-large\"><img loading=\"lazy\" decoding=\"async\" width=\"565\" height=\"800\" data-id=\"1939\" src=\"http:\/\/edithbrothelande.fr\/wp-content\/uploads\/2023\/07\/20230607_Ballan-Nadege2.jpg\" alt=\"\" class=\"wp-image-1939\" srcset=\"http:\/\/edithbrothelande.fr\/wp-content\/uploads\/2023\/07\/20230607_Ballan-Nadege2.jpg 565w, http:\/\/edithbrothelande.fr\/wp-content\/uploads\/2023\/07\/20230607_Ballan-Nadege2-212x300.jpg 212w, http:\/\/edithbrothelande.fr\/wp-content\/uploads\/2023\/07\/20230607_Ballan-Nadege2-220x312.jpg 220w\" sizes=\"auto, (max-width: 565px) 100vw, 565px\" \/><\/figure>\n<\/figure>\n\n\n\n<p>.<\/p>\n\n\n\n<p><strong>Mai 2023<\/strong> &#8211; <strong>Travail en cours de r\u00e9alisation<\/strong><\/p>\n\n\n\n<figure class=\"wp-block-gallery has-nested-images columns-default is-cropped wp-block-gallery-9 is-layout-flex wp-block-gallery-is-layout-flex\">\n<figure class=\"wp-block-image size-large\"><img loading=\"lazy\" decoding=\"async\" width=\"600\" height=\"800\" data-id=\"1945\" src=\"http:\/\/edithbrothelande.fr\/wp-content\/uploads\/2023\/07\/20230614_BallanMTherese.jpg\" alt=\"\" class=\"wp-image-1945\" srcset=\"http:\/\/edithbrothelande.fr\/wp-content\/uploads\/2023\/07\/20230614_BallanMTherese.jpg 600w, http:\/\/edithbrothelande.fr\/wp-content\/uploads\/2023\/07\/20230614_BallanMTherese-225x300.jpg 225w, http:\/\/edithbrothelande.fr\/wp-content\/uploads\/2023\/07\/20230614_BallanMTherese-220x293.jpg 220w\" sizes=\"auto, (max-width: 600px) 100vw, 600px\" \/><\/figure>\n\n\n\n<figure class=\"wp-block-image size-large\"><img loading=\"lazy\" decoding=\"async\" width=\"648\" height=\"800\" data-id=\"1944\" src=\"http:\/\/edithbrothelande.fr\/wp-content\/uploads\/2023\/07\/20230614_Ballan-Pierre.jpg\" alt=\"\" class=\"wp-image-1944\" srcset=\"http:\/\/edithbrothelande.fr\/wp-content\/uploads\/2023\/07\/20230614_Ballan-Pierre.jpg 648w, http:\/\/edithbrothelande.fr\/wp-content\/uploads\/2023\/07\/20230614_Ballan-Pierre-243x300.jpg 243w, http:\/\/edithbrothelande.fr\/wp-content\/uploads\/2023\/07\/20230614_Ballan-Pierre-220x272.jpg 220w\" sizes=\"auto, (max-width: 648px) 100vw, 648px\" \/><\/figure>\n\n\n\n<figure class=\"wp-block-image size-large\"><img loading=\"lazy\" decoding=\"async\" width=\"800\" height=\"600\" data-id=\"1943\" src=\"http:\/\/edithbrothelande.fr\/wp-content\/uploads\/2023\/07\/20230614_Ballan-Nadege1.jpg\" alt=\"\" class=\"wp-image-1943\" srcset=\"http:\/\/edithbrothelande.fr\/wp-content\/uploads\/2023\/07\/20230614_Ballan-Nadege1.jpg 800w, http:\/\/edithbrothelande.fr\/wp-content\/uploads\/2023\/07\/20230614_Ballan-Nadege1-300x225.jpg 300w, http:\/\/edithbrothelande.fr\/wp-content\/uploads\/2023\/07\/20230614_Ballan-Nadege1-768x576.jpg 768w, http:\/\/edithbrothelande.fr\/wp-content\/uploads\/2023\/07\/20230614_Ballan-Nadege1-220x165.jpg 220w\" sizes=\"auto, (max-width: 800px) 100vw, 800px\" \/><\/figure>\n\n\n\n<figure class=\"wp-block-image size-large\"><img loading=\"lazy\" decoding=\"async\" width=\"800\" height=\"605\" data-id=\"1942\" src=\"http:\/\/edithbrothelande.fr\/wp-content\/uploads\/2023\/07\/20230614_Ballan-Marilyn.jpg\" alt=\"\" class=\"wp-image-1942\" srcset=\"http:\/\/edithbrothelande.fr\/wp-content\/uploads\/2023\/07\/20230614_Ballan-Marilyn.jpg 800w, http:\/\/edithbrothelande.fr\/wp-content\/uploads\/2023\/07\/20230614_Ballan-Marilyn-300x227.jpg 300w, http:\/\/edithbrothelande.fr\/wp-content\/uploads\/2023\/07\/20230614_Ballan-Marilyn-768x581.jpg 768w, http:\/\/edithbrothelande.fr\/wp-content\/uploads\/2023\/07\/20230614_Ballan-Marilyn-220x166.jpg 220w\" sizes=\"auto, (max-width: 800px) 100vw, 800px\" \/><\/figure>\n\n\n\n<figure class=\"wp-block-image size-large\"><img loading=\"lazy\" decoding=\"async\" width=\"800\" height=\"600\" data-id=\"1941\" src=\"http:\/\/edithbrothelande.fr\/wp-content\/uploads\/2023\/07\/20230614_Ballan-Fabienne.jpg\" alt=\"\" class=\"wp-image-1941\" srcset=\"http:\/\/edithbrothelande.fr\/wp-content\/uploads\/2023\/07\/20230614_Ballan-Fabienne.jpg 800w, http:\/\/edithbrothelande.fr\/wp-content\/uploads\/2023\/07\/20230614_Ballan-Fabienne-300x225.jpg 300w, http:\/\/edithbrothelande.fr\/wp-content\/uploads\/2023\/07\/20230614_Ballan-Fabienne-768x576.jpg 768w, http:\/\/edithbrothelande.fr\/wp-content\/uploads\/2023\/07\/20230614_Ballan-Fabienne-220x165.jpg 220w\" sizes=\"auto, (max-width: 800px) 100vw, 800px\" \/><\/figure>\n<\/figure>\n\n\n\n<p>.<\/p>\n\n\n\n<p><strong>Mars 2023<\/strong> &#8211; <strong>Travail au pastel et dessin \u00e0 la mine de plomb<\/strong> <\/p>\n\n\n\n<figure class=\"wp-block-gallery has-nested-images columns-default is-cropped wp-block-gallery-10 is-layout-flex wp-block-gallery-is-layout-flex\">\n<figure class=\"wp-block-image size-large\"><img loading=\"lazy\" decoding=\"async\" width=\"800\" height=\"646\" data-id=\"1859\" src=\"http:\/\/edithbrothelande.fr\/wp-content\/uploads\/2023\/05\/20230315_145053-JV-800px.jpg\" alt=\"\" class=\"wp-image-1859\" srcset=\"http:\/\/edithbrothelande.fr\/wp-content\/uploads\/2023\/05\/20230315_145053-JV-800px.jpg 800w, http:\/\/edithbrothelande.fr\/wp-content\/uploads\/2023\/05\/20230315_145053-JV-800px-300x242.jpg 300w, http:\/\/edithbrothelande.fr\/wp-content\/uploads\/2023\/05\/20230315_145053-JV-800px-768x620.jpg 768w, http:\/\/edithbrothelande.fr\/wp-content\/uploads\/2023\/05\/20230315_145053-JV-800px-220x178.jpg 220w\" sizes=\"auto, (max-width: 800px) 100vw, 800px\" \/><\/figure>\n\n\n\n<figure class=\"wp-block-image size-large\"><img loading=\"lazy\" decoding=\"async\" width=\"800\" height=\"753\" data-id=\"1861\" src=\"http:\/\/edithbrothelande.fr\/wp-content\/uploads\/2023\/05\/20230315_163851-JV-800px.jpg\" alt=\"\" class=\"wp-image-1861\" srcset=\"http:\/\/edithbrothelande.fr\/wp-content\/uploads\/2023\/05\/20230315_163851-JV-800px.jpg 800w, http:\/\/edithbrothelande.fr\/wp-content\/uploads\/2023\/05\/20230315_163851-JV-800px-300x282.jpg 300w, http:\/\/edithbrothelande.fr\/wp-content\/uploads\/2023\/05\/20230315_163851-JV-800px-768x723.jpg 768w, http:\/\/edithbrothelande.fr\/wp-content\/uploads\/2023\/05\/20230315_163851-JV-800px-220x207.jpg 220w\" sizes=\"auto, (max-width: 800px) 100vw, 800px\" \/><\/figure>\n<\/figure>\n\n\n\n<figure class=\"wp-block-gallery has-nested-images columns-default is-cropped wp-block-gallery-11 is-layout-flex wp-block-gallery-is-layout-flex\">\n<figure class=\"wp-block-image size-full\"><img loading=\"lazy\" decoding=\"async\" width=\"600\" height=\"800\" data-id=\"1862\" src=\"http:\/\/edithbrothelande.fr\/wp-content\/uploads\/2023\/05\/20230315_145032-JV-800px.jpg\" alt=\"\" class=\"wp-image-1862\" srcset=\"http:\/\/edithbrothelande.fr\/wp-content\/uploads\/2023\/05\/20230315_145032-JV-800px.jpg 600w, http:\/\/edithbrothelande.fr\/wp-content\/uploads\/2023\/05\/20230315_145032-JV-800px-225x300.jpg 225w, http:\/\/edithbrothelande.fr\/wp-content\/uploads\/2023\/05\/20230315_145032-JV-800px-220x293.jpg 220w\" sizes=\"auto, (max-width: 600px) 100vw, 600px\" \/><\/figure>\n\n\n\n<figure class=\"wp-block-image size-large\"><img loading=\"lazy\" decoding=\"async\" width=\"600\" height=\"800\" data-id=\"1860\" src=\"http:\/\/edithbrothelande.fr\/wp-content\/uploads\/2023\/05\/20230315_163733-JV-800px.jpg\" alt=\"\" class=\"wp-image-1860\" srcset=\"http:\/\/edithbrothelande.fr\/wp-content\/uploads\/2023\/05\/20230315_163733-JV-800px.jpg 600w, http:\/\/edithbrothelande.fr\/wp-content\/uploads\/2023\/05\/20230315_163733-JV-800px-225x300.jpg 225w, http:\/\/edithbrothelande.fr\/wp-content\/uploads\/2023\/05\/20230315_163733-JV-800px-220x293.jpg 220w\" sizes=\"auto, (max-width: 600px) 100vw, 600px\" \/><\/figure>\n<\/figure>\n\n\n\n<p>\u2022<\/p>\n\n\n\n<p><strong>F\u00e9vrier 2023 &#8211; Aquarelle<\/strong><\/p>\n\n\n\n<figure class=\"wp-block-gallery has-nested-images columns-default is-cropped wp-block-gallery-12 is-layout-flex wp-block-gallery-is-layout-flex\">\n<figure class=\"wp-block-image size-large\"><img loading=\"lazy\" decoding=\"async\" width=\"800\" height=\"600\" data-id=\"1785\" src=\"http:\/\/edithbrothelande.fr\/wp-content\/uploads\/2023\/02\/20230208_AquaPaysage5.jpg\" alt=\"\" class=\"wp-image-1785\" srcset=\"http:\/\/edithbrothelande.fr\/wp-content\/uploads\/2023\/02\/20230208_AquaPaysage5.jpg 800w, http:\/\/edithbrothelande.fr\/wp-content\/uploads\/2023\/02\/20230208_AquaPaysage5-300x225.jpg 300w, http:\/\/edithbrothelande.fr\/wp-content\/uploads\/2023\/02\/20230208_AquaPaysage5-768x576.jpg 768w, http:\/\/edithbrothelande.fr\/wp-content\/uploads\/2023\/02\/20230208_AquaPaysage5-220x165.jpg 220w\" sizes=\"auto, (max-width: 800px) 100vw, 800px\" \/><\/figure>\n\n\n\n<figure class=\"wp-block-image size-large\"><img loading=\"lazy\" decoding=\"async\" width=\"800\" height=\"600\" data-id=\"1784\" src=\"http:\/\/edithbrothelande.fr\/wp-content\/uploads\/2023\/02\/20230208_AquaPaysage4.jpg\" alt=\"\" class=\"wp-image-1784\" srcset=\"http:\/\/edithbrothelande.fr\/wp-content\/uploads\/2023\/02\/20230208_AquaPaysage4.jpg 800w, http:\/\/edithbrothelande.fr\/wp-content\/uploads\/2023\/02\/20230208_AquaPaysage4-300x225.jpg 300w, http:\/\/edithbrothelande.fr\/wp-content\/uploads\/2023\/02\/20230208_AquaPaysage4-768x576.jpg 768w, http:\/\/edithbrothelande.fr\/wp-content\/uploads\/2023\/02\/20230208_AquaPaysage4-220x165.jpg 220w\" sizes=\"auto, (max-width: 800px) 100vw, 800px\" \/><\/figure>\n<\/figure>\n\n\n\n<figure class=\"wp-block-gallery has-nested-images columns-default is-cropped wp-block-gallery-13 is-layout-flex wp-block-gallery-is-layout-flex\">\n<figure class=\"wp-block-image size-large\"><img loading=\"lazy\" decoding=\"async\" width=\"800\" height=\"600\" data-id=\"1783\" src=\"http:\/\/edithbrothelande.fr\/wp-content\/uploads\/2023\/02\/20230208_AquaPaysage3.jpg\" alt=\"\" class=\"wp-image-1783\" srcset=\"http:\/\/edithbrothelande.fr\/wp-content\/uploads\/2023\/02\/20230208_AquaPaysage3.jpg 800w, http:\/\/edithbrothelande.fr\/wp-content\/uploads\/2023\/02\/20230208_AquaPaysage3-300x225.jpg 300w, http:\/\/edithbrothelande.fr\/wp-content\/uploads\/2023\/02\/20230208_AquaPaysage3-768x576.jpg 768w, http:\/\/edithbrothelande.fr\/wp-content\/uploads\/2023\/02\/20230208_AquaPaysage3-220x165.jpg 220w\" sizes=\"auto, (max-width: 800px) 100vw, 800px\" \/><\/figure>\n\n\n\n<figure class=\"wp-block-image size-large\"><img loading=\"lazy\" decoding=\"async\" width=\"800\" height=\"600\" data-id=\"1782\" src=\"http:\/\/edithbrothelande.fr\/wp-content\/uploads\/2023\/02\/20230208_AquaPaysage2.jpg\" alt=\"\" class=\"wp-image-1782\" srcset=\"http:\/\/edithbrothelande.fr\/wp-content\/uploads\/2023\/02\/20230208_AquaPaysage2.jpg 800w, http:\/\/edithbrothelande.fr\/wp-content\/uploads\/2023\/02\/20230208_AquaPaysage2-300x225.jpg 300w, http:\/\/edithbrothelande.fr\/wp-content\/uploads\/2023\/02\/20230208_AquaPaysage2-768x576.jpg 768w, http:\/\/edithbrothelande.fr\/wp-content\/uploads\/2023\/02\/20230208_AquaPaysage2-220x165.jpg 220w\" sizes=\"auto, (max-width: 800px) 100vw, 800px\" \/><\/figure>\n<\/figure>\n\n\n\n<p>\u2022<\/p>\n\n\n\n<p><strong>D\u00e9cembre 2022 &#8211; Peinture \u00e0 l&rsquo;huile<\/strong><\/p>\n\n\n\n<figure class=\"wp-block-gallery has-nested-images columns-default is-cropped wp-block-gallery-14 is-layout-flex wp-block-gallery-is-layout-flex\">\n<figure class=\"wp-block-image size-large\"><img loading=\"lazy\" decoding=\"async\" width=\"800\" height=\"796\" data-id=\"1780\" src=\"http:\/\/edithbrothelande.fr\/wp-content\/uploads\/2023\/02\/20230111_Moineau4.jpg\" alt=\"\" class=\"wp-image-1780\" srcset=\"http:\/\/edithbrothelande.fr\/wp-content\/uploads\/2023\/02\/20230111_Moineau4.jpg 800w, http:\/\/edithbrothelande.fr\/wp-content\/uploads\/2023\/02\/20230111_Moineau4-300x300.jpg 300w, http:\/\/edithbrothelande.fr\/wp-content\/uploads\/2023\/02\/20230111_Moineau4-150x150.jpg 150w, http:\/\/edithbrothelande.fr\/wp-content\/uploads\/2023\/02\/20230111_Moineau4-768x764.jpg 768w, http:\/\/edithbrothelande.fr\/wp-content\/uploads\/2023\/02\/20230111_Moineau4-220x219.jpg 220w\" sizes=\"auto, (max-width: 800px) 100vw, 800px\" \/><\/figure>\n\n\n\n<figure class=\"wp-block-image size-large\"><img loading=\"lazy\" decoding=\"async\" width=\"800\" height=\"593\" data-id=\"1779\" src=\"http:\/\/edithbrothelande.fr\/wp-content\/uploads\/2023\/02\/20230111_Moineau2.jpg\" alt=\"\" class=\"wp-image-1779\" srcset=\"http:\/\/edithbrothelande.fr\/wp-content\/uploads\/2023\/02\/20230111_Moineau2.jpg 800w, http:\/\/edithbrothelande.fr\/wp-content\/uploads\/2023\/02\/20230111_Moineau2-300x222.jpg 300w, http:\/\/edithbrothelande.fr\/wp-content\/uploads\/2023\/02\/20230111_Moineau2-768x569.jpg 768w, http:\/\/edithbrothelande.fr\/wp-content\/uploads\/2023\/02\/20230111_Moineau2-220x163.jpg 220w\" sizes=\"auto, (max-width: 800px) 100vw, 800px\" \/><\/figure>\n\n\n\n<figure class=\"wp-block-image size-large\"><img loading=\"lazy\" decoding=\"async\" width=\"800\" height=\"799\" data-id=\"1778\" src=\"http:\/\/edithbrothelande.fr\/wp-content\/uploads\/2023\/02\/20221214_Moineau4.jpg\" alt=\"\" class=\"wp-image-1778\" srcset=\"http:\/\/edithbrothelande.fr\/wp-content\/uploads\/2023\/02\/20221214_Moineau4.jpg 800w, http:\/\/edithbrothelande.fr\/wp-content\/uploads\/2023\/02\/20221214_Moineau4-300x300.jpg 300w, http:\/\/edithbrothelande.fr\/wp-content\/uploads\/2023\/02\/20221214_Moineau4-150x150.jpg 150w, http:\/\/edithbrothelande.fr\/wp-content\/uploads\/2023\/02\/20221214_Moineau4-768x767.jpg 768w, http:\/\/edithbrothelande.fr\/wp-content\/uploads\/2023\/02\/20221214_Moineau4-220x220.jpg 220w\" sizes=\"auto, (max-width: 800px) 100vw, 800px\" \/><\/figure>\n\n\n\n<figure class=\"wp-block-image size-large\"><img loading=\"lazy\" decoding=\"async\" width=\"800\" height=\"781\" data-id=\"1777\" src=\"http:\/\/edithbrothelande.fr\/wp-content\/uploads\/2023\/02\/20221214_Moineau3.jpg\" alt=\"\" class=\"wp-image-1777\" srcset=\"http:\/\/edithbrothelande.fr\/wp-content\/uploads\/2023\/02\/20221214_Moineau3.jpg 800w, http:\/\/edithbrothelande.fr\/wp-content\/uploads\/2023\/02\/20221214_Moineau3-300x293.jpg 300w, http:\/\/edithbrothelande.fr\/wp-content\/uploads\/2023\/02\/20221214_Moineau3-768x750.jpg 768w, http:\/\/edithbrothelande.fr\/wp-content\/uploads\/2023\/02\/20221214_Moineau3-220x215.jpg 220w\" sizes=\"auto, (max-width: 800px) 100vw, 800px\" \/><\/figure>\n<\/figure>\n\n\n\n<p>\u2022<\/p>\n\n\n\n<p><strong>D\u00e9cembre 2022 &#8211; Ambiance<\/strong><\/p>\n\n\n\n<figure class=\"wp-block-gallery has-nested-images columns-default is-cropped wp-block-gallery-15 is-layout-flex wp-block-gallery-is-layout-flex\">\n<figure class=\"wp-block-image size-large\"><img loading=\"lazy\" decoding=\"async\" width=\"600\" height=\"800\" data-id=\"1663\" src=\"http:\/\/edithbrothelande.fr\/wp-content\/uploads\/2022\/12\/20221123_cours2.jpg\" alt=\"\" class=\"wp-image-1663\" srcset=\"http:\/\/edithbrothelande.fr\/wp-content\/uploads\/2022\/12\/20221123_cours2.jpg 600w, http:\/\/edithbrothelande.fr\/wp-content\/uploads\/2022\/12\/20221123_cours2-225x300.jpg 225w, http:\/\/edithbrothelande.fr\/wp-content\/uploads\/2022\/12\/20221123_cours2-220x293.jpg 220w\" sizes=\"auto, (max-width: 600px) 100vw, 600px\" \/><\/figure>\n\n\n\n<figure class=\"wp-block-image size-large\"><img loading=\"lazy\" decoding=\"async\" width=\"600\" height=\"800\" data-id=\"1662\" src=\"http:\/\/edithbrothelande.fr\/wp-content\/uploads\/2022\/12\/20221123_cours1.jpg\" alt=\"\" class=\"wp-image-1662\" srcset=\"http:\/\/edithbrothelande.fr\/wp-content\/uploads\/2022\/12\/20221123_cours1.jpg 600w, http:\/\/edithbrothelande.fr\/wp-content\/uploads\/2022\/12\/20221123_cours1-225x300.jpg 225w, http:\/\/edithbrothelande.fr\/wp-content\/uploads\/2022\/12\/20221123_cours1-220x293.jpg 220w\" sizes=\"auto, (max-width: 600px) 100vw, 600px\" \/><\/figure>\n<\/figure>\n\n\n\n<figure class=\"wp-block-gallery has-nested-images columns-default is-cropped wp-block-gallery-16 is-layout-flex wp-block-gallery-is-layout-flex\">\n<figure class=\"wp-block-image size-large\"><img loading=\"lazy\" decoding=\"async\" width=\"600\" height=\"800\" data-id=\"1665\" src=\"http:\/\/edithbrothelande.fr\/wp-content\/uploads\/2022\/12\/20221123_cours4.jpg\" alt=\"\" class=\"wp-image-1665\" srcset=\"http:\/\/edithbrothelande.fr\/wp-content\/uploads\/2022\/12\/20221123_cours4.jpg 600w, http:\/\/edithbrothelande.fr\/wp-content\/uploads\/2022\/12\/20221123_cours4-225x300.jpg 225w, http:\/\/edithbrothelande.fr\/wp-content\/uploads\/2022\/12\/20221123_cours4-220x293.jpg 220w\" sizes=\"auto, (max-width: 600px) 100vw, 600px\" \/><\/figure>\n\n\n\n<figure class=\"wp-block-image size-large\"><img loading=\"lazy\" decoding=\"async\" width=\"600\" height=\"800\" data-id=\"1664\" src=\"http:\/\/edithbrothelande.fr\/wp-content\/uploads\/2022\/12\/20221123_cours3.jpg\" alt=\"\" class=\"wp-image-1664\" srcset=\"http:\/\/edithbrothelande.fr\/wp-content\/uploads\/2022\/12\/20221123_cours3.jpg 600w, http:\/\/edithbrothelande.fr\/wp-content\/uploads\/2022\/12\/20221123_cours3-225x300.jpg 225w, http:\/\/edithbrothelande.fr\/wp-content\/uploads\/2022\/12\/20221123_cours3-220x293.jpg 220w\" sizes=\"auto, (max-width: 600px) 100vw, 600px\" \/><\/figure>\n<\/figure>\n\n\n\n<p>\u2022<\/p>\n\n\n\n<p><strong>Novembre 2022 &#8211; Recherche de couleurs<\/strong><br>D&rsquo;apr\u00e8s une \u0153uvre de Martine Chass\u00e9 <\/p>\n\n\n\n<figure class=\"wp-block-gallery has-nested-images columns-default is-cropped wp-block-gallery-17 is-layout-flex wp-block-gallery-is-layout-flex\">\n<figure class=\"wp-block-image size-large\"><img loading=\"lazy\" decoding=\"async\" width=\"800\" height=\"600\" data-id=\"1645\" src=\"http:\/\/edithbrothelande.fr\/wp-content\/uploads\/2022\/11\/20221116_162304.png\" alt=\"\" class=\"wp-image-1645\" srcset=\"http:\/\/edithbrothelande.fr\/wp-content\/uploads\/2022\/11\/20221116_162304.png 800w, http:\/\/edithbrothelande.fr\/wp-content\/uploads\/2022\/11\/20221116_162304-300x225.png 300w, http:\/\/edithbrothelande.fr\/wp-content\/uploads\/2022\/11\/20221116_162304-768x576.png 768w, http:\/\/edithbrothelande.fr\/wp-content\/uploads\/2022\/11\/20221116_162304-220x165.png 220w\" sizes=\"auto, (max-width: 800px) 100vw, 800px\" \/><\/figure>\n\n\n\n<figure class=\"wp-block-image size-large\"><img loading=\"lazy\" decoding=\"async\" width=\"800\" height=\"600\" data-id=\"1644\" src=\"http:\/\/edithbrothelande.fr\/wp-content\/uploads\/2022\/11\/20221116_160712.jpg\" alt=\"\" class=\"wp-image-1644\" srcset=\"http:\/\/edithbrothelande.fr\/wp-content\/uploads\/2022\/11\/20221116_160712.jpg 800w, http:\/\/edithbrothelande.fr\/wp-content\/uploads\/2022\/11\/20221116_160712-300x225.jpg 300w, http:\/\/edithbrothelande.fr\/wp-content\/uploads\/2022\/11\/20221116_160712-768x576.jpg 768w, http:\/\/edithbrothelande.fr\/wp-content\/uploads\/2022\/11\/20221116_160712-220x165.jpg 220w\" sizes=\"auto, (max-width: 800px) 100vw, 800px\" \/><\/figure>\n<\/figure>\n\n\n\n<p>\u2022<\/p>\n\n\n\n<p><strong>Juin 2022 &#8211; F\u00eate des 40 ans du Centre Jules Verne<\/strong><\/p>\n\n\n\n<pre class=\"wp-block-verse\">Belle journ\u00e9e ensoleill\u00e9e !<\/pre>\n\n\n\n<figure class=\"wp-block-image size-large\"><img loading=\"lazy\" decoding=\"async\" width=\"800\" height=\"512\" src=\"http:\/\/edithbrothelande.fr\/wp-content\/uploads\/2022\/06\/2206-Fete40ans5.png\" alt=\"\" class=\"wp-image-1510\" srcset=\"http:\/\/edithbrothelande.fr\/wp-content\/uploads\/2022\/06\/2206-Fete40ans5.png 800w, http:\/\/edithbrothelande.fr\/wp-content\/uploads\/2022\/06\/2206-Fete40ans5-300x192.png 300w, http:\/\/edithbrothelande.fr\/wp-content\/uploads\/2022\/06\/2206-Fete40ans5-768x492.png 768w, http:\/\/edithbrothelande.fr\/wp-content\/uploads\/2022\/06\/2206-Fete40ans5-220x141.png 220w\" sizes=\"auto, (max-width: 800px) 100vw, 800px\" \/><\/figure>\n\n\n\n<figure class=\"wp-block-gallery has-nested-images columns-default is-cropped wp-block-gallery-18 is-layout-flex wp-block-gallery-is-layout-flex\">\n<figure class=\"wp-block-image size-large\"><img loading=\"lazy\" decoding=\"async\" width=\"800\" height=\"664\" data-id=\"1511\" src=\"http:\/\/edithbrothelande.fr\/wp-content\/uploads\/2022\/06\/2206-Fete40ans6.png\" alt=\"\" class=\"wp-image-1511\" srcset=\"http:\/\/edithbrothelande.fr\/wp-content\/uploads\/2022\/06\/2206-Fete40ans6.png 800w, http:\/\/edithbrothelande.fr\/wp-content\/uploads\/2022\/06\/2206-Fete40ans6-300x249.png 300w, http:\/\/edithbrothelande.fr\/wp-content\/uploads\/2022\/06\/2206-Fete40ans6-768x637.png 768w, http:\/\/edithbrothelande.fr\/wp-content\/uploads\/2022\/06\/2206-Fete40ans6-220x183.png 220w\" sizes=\"auto, (max-width: 800px) 100vw, 800px\" \/><\/figure>\n\n\n\n<figure class=\"wp-block-image size-large\"><img loading=\"lazy\" decoding=\"async\" width=\"493\" height=\"800\" data-id=\"1514\" src=\"http:\/\/edithbrothelande.fr\/wp-content\/uploads\/2022\/06\/2206-Fete40ans9.png\" alt=\"\" class=\"wp-image-1514\" srcset=\"http:\/\/edithbrothelande.fr\/wp-content\/uploads\/2022\/06\/2206-Fete40ans9.png 493w, http:\/\/edithbrothelande.fr\/wp-content\/uploads\/2022\/06\/2206-Fete40ans9-185x300.png 185w, http:\/\/edithbrothelande.fr\/wp-content\/uploads\/2022\/06\/2206-Fete40ans9-220x357.png 220w\" sizes=\"auto, (max-width: 493px) 100vw, 493px\" \/><\/figure>\n\n\n\n<figure class=\"wp-block-image size-large\"><img loading=\"lazy\" decoding=\"async\" width=\"565\" height=\"800\" data-id=\"1513\" src=\"http:\/\/edithbrothelande.fr\/wp-content\/uploads\/2022\/06\/2206-Fete40ans8.png\" alt=\"\" class=\"wp-image-1513\" srcset=\"http:\/\/edithbrothelande.fr\/wp-content\/uploads\/2022\/06\/2206-Fete40ans8.png 565w, http:\/\/edithbrothelande.fr\/wp-content\/uploads\/2022\/06\/2206-Fete40ans8-212x300.png 212w, http:\/\/edithbrothelande.fr\/wp-content\/uploads\/2022\/06\/2206-Fete40ans8-220x312.png 220w\" sizes=\"auto, (max-width: 565px) 100vw, 565px\" \/><\/figure>\n\n\n\n<figure class=\"wp-block-image size-large\"><img loading=\"lazy\" decoding=\"async\" width=\"800\" height=\"450\" data-id=\"1509\" src=\"http:\/\/edithbrothelande.fr\/wp-content\/uploads\/2022\/06\/2206-Fete40ans4.png\" alt=\"\" class=\"wp-image-1509\" srcset=\"http:\/\/edithbrothelande.fr\/wp-content\/uploads\/2022\/06\/2206-Fete40ans4.png 800w, http:\/\/edithbrothelande.fr\/wp-content\/uploads\/2022\/06\/2206-Fete40ans4-300x169.png 300w, http:\/\/edithbrothelande.fr\/wp-content\/uploads\/2022\/06\/2206-Fete40ans4-768x432.png 768w, http:\/\/edithbrothelande.fr\/wp-content\/uploads\/2022\/06\/2206-Fete40ans4-220x124.png 220w\" sizes=\"auto, (max-width: 800px) 100vw, 800px\" \/><\/figure>\n\n\n\n<figure class=\"wp-block-image size-large\"><img loading=\"lazy\" decoding=\"async\" width=\"800\" height=\"600\" data-id=\"1512\" src=\"http:\/\/edithbrothelande.fr\/wp-content\/uploads\/2022\/06\/2206-Fete40ans7.png\" alt=\"\" class=\"wp-image-1512\" srcset=\"http:\/\/edithbrothelande.fr\/wp-content\/uploads\/2022\/06\/2206-Fete40ans7.png 800w, http:\/\/edithbrothelande.fr\/wp-content\/uploads\/2022\/06\/2206-Fete40ans7-300x225.png 300w, http:\/\/edithbrothelande.fr\/wp-content\/uploads\/2022\/06\/2206-Fete40ans7-768x576.png 768w, http:\/\/edithbrothelande.fr\/wp-content\/uploads\/2022\/06\/2206-Fete40ans7-220x165.png 220w\" sizes=\"auto, (max-width: 800px) 100vw, 800px\" \/><\/figure>\n<\/figure>\n\n\n\n<figure class=\"wp-block-gallery has-nested-images columns-default is-cropped wp-block-gallery-19 is-layout-flex wp-block-gallery-is-layout-flex\">\n<figure class=\"wp-block-image size-large\"><img loading=\"lazy\" decoding=\"async\" width=\"636\" height=\"800\" data-id=\"1507\" src=\"http:\/\/edithbrothelande.fr\/wp-content\/uploads\/2022\/06\/2206-Fete40ans2.png\" alt=\"\" class=\"wp-image-1507\" srcset=\"http:\/\/edithbrothelande.fr\/wp-content\/uploads\/2022\/06\/2206-Fete40ans2.png 636w, http:\/\/edithbrothelande.fr\/wp-content\/uploads\/2022\/06\/2206-Fete40ans2-239x300.png 239w, http:\/\/edithbrothelande.fr\/wp-content\/uploads\/2022\/06\/2206-Fete40ans2-220x277.png 220w\" sizes=\"auto, (max-width: 636px) 100vw, 636px\" \/><\/figure>\n\n\n\n<figure class=\"wp-block-image size-large\"><img loading=\"lazy\" decoding=\"async\" width=\"800\" height=\"542\" data-id=\"1506\" src=\"http:\/\/edithbrothelande.fr\/wp-content\/uploads\/2022\/06\/2206-Fete40ans1.png\" alt=\"\" class=\"wp-image-1506\" srcset=\"http:\/\/edithbrothelande.fr\/wp-content\/uploads\/2022\/06\/2206-Fete40ans1.png 800w, http:\/\/edithbrothelande.fr\/wp-content\/uploads\/2022\/06\/2206-Fete40ans1-300x203.png 300w, http:\/\/edithbrothelande.fr\/wp-content\/uploads\/2022\/06\/2206-Fete40ans1-768x520.png 768w, http:\/\/edithbrothelande.fr\/wp-content\/uploads\/2022\/06\/2206-Fete40ans1-220x149.png 220w\" sizes=\"auto, (max-width: 800px) 100vw, 800px\" \/><\/figure>\n<\/figure>\n\n\n\n<p>\u2022<\/p>\n\n\n\n<p><strong>Mars 2022 &#8211; Aquarelle &#8211; premiers pas pour le groupe<\/strong><\/p>\n\n\n\n<figure class=\"wp-block-gallery has-nested-images columns-default is-cropped wp-block-gallery-20 is-layout-flex wp-block-gallery-is-layout-flex\">\n<figure class=\"wp-block-image size-large\"><img loading=\"lazy\" decoding=\"async\" width=\"600\" height=\"800\" data-id=\"1404\" src=\"http:\/\/edithbrothelande.fr\/wp-content\/uploads\/2022\/04\/2203_Ballan-chouette2.png\" alt=\"\" class=\"wp-image-1404\" srcset=\"http:\/\/edithbrothelande.fr\/wp-content\/uploads\/2022\/04\/2203_Ballan-chouette2.png 600w, http:\/\/edithbrothelande.fr\/wp-content\/uploads\/2022\/04\/2203_Ballan-chouette2-225x300.png 225w, http:\/\/edithbrothelande.fr\/wp-content\/uploads\/2022\/04\/2203_Ballan-chouette2-220x293.png 220w\" sizes=\"auto, (max-width: 600px) 100vw, 600px\" \/><\/figure>\n\n\n\n<figure class=\"wp-block-image size-large\"><img loading=\"lazy\" decoding=\"async\" width=\"564\" height=\"800\" data-id=\"1405\" src=\"http:\/\/edithbrothelande.fr\/wp-content\/uploads\/2022\/04\/2203_Ballan-chouette3.png\" alt=\"\" class=\"wp-image-1405\" srcset=\"http:\/\/edithbrothelande.fr\/wp-content\/uploads\/2022\/04\/2203_Ballan-chouette3.png 564w, http:\/\/edithbrothelande.fr\/wp-content\/uploads\/2022\/04\/2203_Ballan-chouette3-212x300.png 212w, http:\/\/edithbrothelande.fr\/wp-content\/uploads\/2022\/04\/2203_Ballan-chouette3-220x312.png 220w\" sizes=\"auto, (max-width: 564px) 100vw, 564px\" \/><\/figure>\n\n\n\n<figure class=\"wp-block-image size-large\"><img loading=\"lazy\" decoding=\"async\" width=\"585\" height=\"800\" data-id=\"1403\" src=\"http:\/\/edithbrothelande.fr\/wp-content\/uploads\/2022\/04\/2203_Ballan-chouette1.png\" alt=\"\" class=\"wp-image-1403\" srcset=\"http:\/\/edithbrothelande.fr\/wp-content\/uploads\/2022\/04\/2203_Ballan-chouette1.png 585w, http:\/\/edithbrothelande.fr\/wp-content\/uploads\/2022\/04\/2203_Ballan-chouette1-219x300.png 219w, http:\/\/edithbrothelande.fr\/wp-content\/uploads\/2022\/04\/2203_Ballan-chouette1-220x301.png 220w\" sizes=\"auto, (max-width: 585px) 100vw, 585px\" \/><\/figure>\n\n\n\n<figure class=\"wp-block-image size-large\"><img loading=\"lazy\" decoding=\"async\" width=\"553\" height=\"800\" data-id=\"1406\" src=\"http:\/\/edithbrothelande.fr\/wp-content\/uploads\/2022\/04\/2203_Ballan-chouette4.png\" alt=\"\" class=\"wp-image-1406\" srcset=\"http:\/\/edithbrothelande.fr\/wp-content\/uploads\/2022\/04\/2203_Ballan-chouette4.png 553w, http:\/\/edithbrothelande.fr\/wp-content\/uploads\/2022\/04\/2203_Ballan-chouette4-207x300.png 207w, http:\/\/edithbrothelande.fr\/wp-content\/uploads\/2022\/04\/2203_Ballan-chouette4-220x318.png 220w\" sizes=\"auto, (max-width: 553px) 100vw, 553px\" \/><\/figure>\n<\/figure>\n\n\n\n<p>\u2022<\/p>\n\n\n\n<p><strong>Janvier 2022 &#8211; Peindre des nuages avec les couleurs primaires<\/strong><\/p>\n\n\n\n<figure class=\"wp-block-gallery has-nested-images columns-default is-cropped wp-block-gallery-21 is-layout-flex wp-block-gallery-is-layout-flex\">\n<figure class=\"wp-block-image size-large\"><img loading=\"lazy\" decoding=\"async\" width=\"1024\" height=\"768\" data-id=\"848\" src=\"http:\/\/edithbrothelande.fr\/wp-content\/uploads\/2022\/01\/2201-Nuages6-1024x768.jpg\" alt=\"\" class=\"wp-image-848\" srcset=\"http:\/\/edithbrothelande.fr\/wp-content\/uploads\/2022\/01\/2201-Nuages6-1024x768.jpg 1024w, http:\/\/edithbrothelande.fr\/wp-content\/uploads\/2022\/01\/2201-Nuages6-300x225.jpg 300w, http:\/\/edithbrothelande.fr\/wp-content\/uploads\/2022\/01\/2201-Nuages6-768x576.jpg 768w, http:\/\/edithbrothelande.fr\/wp-content\/uploads\/2022\/01\/2201-Nuages6-1536x1152.jpg 1536w, http:\/\/edithbrothelande.fr\/wp-content\/uploads\/2022\/01\/2201-Nuages6-880x660.jpg 880w, http:\/\/edithbrothelande.fr\/wp-content\/uploads\/2022\/01\/2201-Nuages6-220x165.jpg 220w, http:\/\/edithbrothelande.fr\/wp-content\/uploads\/2022\/01\/2201-Nuages6.jpg 1800w\" sizes=\"auto, (max-width: 1024px) 100vw, 1024px\" \/><\/figure>\n\n\n\n<figure class=\"wp-block-image size-large\"><img loading=\"lazy\" decoding=\"async\" width=\"1024\" height=\"768\" data-id=\"847\" src=\"http:\/\/edithbrothelande.fr\/wp-content\/uploads\/2022\/01\/2201-Nuages5-1024x768.jpg\" alt=\"\" class=\"wp-image-847\" srcset=\"http:\/\/edithbrothelande.fr\/wp-content\/uploads\/2022\/01\/2201-Nuages5-1024x768.jpg 1024w, http:\/\/edithbrothelande.fr\/wp-content\/uploads\/2022\/01\/2201-Nuages5-300x225.jpg 300w, http:\/\/edithbrothelande.fr\/wp-content\/uploads\/2022\/01\/2201-Nuages5-768x576.jpg 768w, http:\/\/edithbrothelande.fr\/wp-content\/uploads\/2022\/01\/2201-Nuages5-1536x1152.jpg 1536w, http:\/\/edithbrothelande.fr\/wp-content\/uploads\/2022\/01\/2201-Nuages5-880x660.jpg 880w, http:\/\/edithbrothelande.fr\/wp-content\/uploads\/2022\/01\/2201-Nuages5-220x165.jpg 220w, http:\/\/edithbrothelande.fr\/wp-content\/uploads\/2022\/01\/2201-Nuages5.jpg 1800w\" sizes=\"auto, (max-width: 1024px) 100vw, 1024px\" \/><\/figure>\n\n\n\n<figure class=\"wp-block-image size-large\"><img loading=\"lazy\" decoding=\"async\" width=\"1024\" height=\"768\" data-id=\"845\" src=\"http:\/\/edithbrothelande.fr\/wp-content\/uploads\/2022\/01\/2201-Nuages3-1024x768.jpg\" alt=\"\" class=\"wp-image-845\" srcset=\"http:\/\/edithbrothelande.fr\/wp-content\/uploads\/2022\/01\/2201-Nuages3-1024x768.jpg 1024w, http:\/\/edithbrothelande.fr\/wp-content\/uploads\/2022\/01\/2201-Nuages3-300x225.jpg 300w, http:\/\/edithbrothelande.fr\/wp-content\/uploads\/2022\/01\/2201-Nuages3-768x576.jpg 768w, http:\/\/edithbrothelande.fr\/wp-content\/uploads\/2022\/01\/2201-Nuages3-1536x1152.jpg 1536w, http:\/\/edithbrothelande.fr\/wp-content\/uploads\/2022\/01\/2201-Nuages3-880x660.jpg 880w, http:\/\/edithbrothelande.fr\/wp-content\/uploads\/2022\/01\/2201-Nuages3-220x165.jpg 220w, http:\/\/edithbrothelande.fr\/wp-content\/uploads\/2022\/01\/2201-Nuages3.jpg 1800w\" sizes=\"auto, (max-width: 1024px) 100vw, 1024px\" \/><\/figure>\n\n\n\n<figure class=\"wp-block-image size-large\"><img loading=\"lazy\" decoding=\"async\" width=\"1024\" height=\"700\" data-id=\"846\" src=\"http:\/\/edithbrothelande.fr\/wp-content\/uploads\/2022\/01\/2201-Nuages4-1024x700.jpg\" alt=\"\" class=\"wp-image-846\" srcset=\"http:\/\/edithbrothelande.fr\/wp-content\/uploads\/2022\/01\/2201-Nuages4-1024x700.jpg 1024w, http:\/\/edithbrothelande.fr\/wp-content\/uploads\/2022\/01\/2201-Nuages4-300x205.jpg 300w, http:\/\/edithbrothelande.fr\/wp-content\/uploads\/2022\/01\/2201-Nuages4-768x525.jpg 768w, http:\/\/edithbrothelande.fr\/wp-content\/uploads\/2022\/01\/2201-Nuages4-1536x1050.jpg 1536w, http:\/\/edithbrothelande.fr\/wp-content\/uploads\/2022\/01\/2201-Nuages4-880x601.jpg 880w, http:\/\/edithbrothelande.fr\/wp-content\/uploads\/2022\/01\/2201-Nuages4-220x150.jpg 220w, http:\/\/edithbrothelande.fr\/wp-content\/uploads\/2022\/01\/2201-Nuages4.jpg 1800w\" sizes=\"auto, (max-width: 1024px) 100vw, 1024px\" \/><\/figure>\n\n\n\n<figure class=\"wp-block-image size-large\"><img loading=\"lazy\" decoding=\"async\" width=\"1024\" height=\"768\" data-id=\"844\" src=\"http:\/\/edithbrothelande.fr\/wp-content\/uploads\/2022\/01\/2201-Nuages2-1024x768.jpg\" alt=\"\" class=\"wp-image-844\" srcset=\"http:\/\/edithbrothelande.fr\/wp-content\/uploads\/2022\/01\/2201-Nuages2-1024x768.jpg 1024w, http:\/\/edithbrothelande.fr\/wp-content\/uploads\/2022\/01\/2201-Nuages2-300x225.jpg 300w, http:\/\/edithbrothelande.fr\/wp-content\/uploads\/2022\/01\/2201-Nuages2-768x576.jpg 768w, http:\/\/edithbrothelande.fr\/wp-content\/uploads\/2022\/01\/2201-Nuages2-1536x1152.jpg 1536w, http:\/\/edithbrothelande.fr\/wp-content\/uploads\/2022\/01\/2201-Nuages2-880x660.jpg 880w, http:\/\/edithbrothelande.fr\/wp-content\/uploads\/2022\/01\/2201-Nuages2-220x165.jpg 220w, http:\/\/edithbrothelande.fr\/wp-content\/uploads\/2022\/01\/2201-Nuages2.jpg 1800w\" sizes=\"auto, (max-width: 1024px) 100vw, 1024px\" \/><\/figure>\n<\/figure>\n\n\n\n<figure class=\"wp-block-image size-large\"><img loading=\"lazy\" decoding=\"async\" width=\"1024\" height=\"790\" src=\"http:\/\/edithbrothelande.fr\/wp-content\/uploads\/2022\/01\/2201-Nuages1-1024x790.jpg\" alt=\"\" class=\"wp-image-843\" srcset=\"http:\/\/edithbrothelande.fr\/wp-content\/uploads\/2022\/01\/2201-Nuages1-1024x790.jpg 1024w, http:\/\/edithbrothelande.fr\/wp-content\/uploads\/2022\/01\/2201-Nuages1-300x232.jpg 300w, http:\/\/edithbrothelande.fr\/wp-content\/uploads\/2022\/01\/2201-Nuages1-768x593.jpg 768w, http:\/\/edithbrothelande.fr\/wp-content\/uploads\/2022\/01\/2201-Nuages1-1536x1185.jpg 1536w, http:\/\/edithbrothelande.fr\/wp-content\/uploads\/2022\/01\/2201-Nuages1-880x679.jpg 880w, http:\/\/edithbrothelande.fr\/wp-content\/uploads\/2022\/01\/2201-Nuages1-220x170.jpg 220w, http:\/\/edithbrothelande.fr\/wp-content\/uploads\/2022\/01\/2201-Nuages1.jpg 1800w\" sizes=\"auto, (max-width: 1024px) 100vw, 1024px\" \/><\/figure>\n\n\n\n<p>\u2022<\/p>\n\n\n\n<p>J<strong>anvier 2022 &#8211; Couleur de la carnation avec les couleurs primaires<\/strong><\/p>\n\n\n\n<figure class=\"wp-block-gallery has-nested-images columns-default is-cropped wp-block-gallery-22 is-layout-flex wp-block-gallery-is-layout-flex\">\n<figure class=\"wp-block-image size-large\"><img loading=\"lazy\" decoding=\"async\" width=\"768\" height=\"1024\" data-id=\"850\" src=\"http:\/\/edithbrothelande.fr\/wp-content\/uploads\/2022\/01\/2201-Portrait2-768x1024.jpg\" alt=\"\" class=\"wp-image-850\" srcset=\"http:\/\/edithbrothelande.fr\/wp-content\/uploads\/2022\/01\/2201-Portrait2-768x1024.jpg 768w, http:\/\/edithbrothelande.fr\/wp-content\/uploads\/2022\/01\/2201-Portrait2-225x300.jpg 225w, http:\/\/edithbrothelande.fr\/wp-content\/uploads\/2022\/01\/2201-Portrait2-1152x1536.jpg 1152w, http:\/\/edithbrothelande.fr\/wp-content\/uploads\/2022\/01\/2201-Portrait2-880x1173.jpg 880w, http:\/\/edithbrothelande.fr\/wp-content\/uploads\/2022\/01\/2201-Portrait2-220x293.jpg 220w, http:\/\/edithbrothelande.fr\/wp-content\/uploads\/2022\/01\/2201-Portrait2.jpg 1350w\" sizes=\"auto, (max-width: 768px) 100vw, 768px\" \/><\/figure>\n\n\n\n<figure class=\"wp-block-image size-large\"><img loading=\"lazy\" decoding=\"async\" width=\"728\" height=\"1024\" data-id=\"868\" src=\"http:\/\/edithbrothelande.fr\/wp-content\/uploads\/2022\/02\/2202-Portrait3-728x1024.jpg\" alt=\"\" class=\"wp-image-868\" srcset=\"http:\/\/edithbrothelande.fr\/wp-content\/uploads\/2022\/02\/2202-Portrait3-728x1024.jpg 728w, http:\/\/edithbrothelande.fr\/wp-content\/uploads\/2022\/02\/2202-Portrait3-213x300.jpg 213w, http:\/\/edithbrothelande.fr\/wp-content\/uploads\/2022\/02\/2202-Portrait3-768x1080.jpg 768w, http:\/\/edithbrothelande.fr\/wp-content\/uploads\/2022\/02\/2202-Portrait3-1093x1536.jpg 1093w, http:\/\/edithbrothelande.fr\/wp-content\/uploads\/2022\/02\/2202-Portrait3-1457x2048.jpg 1457w, http:\/\/edithbrothelande.fr\/wp-content\/uploads\/2022\/02\/2202-Portrait3-880x1237.jpg 880w, http:\/\/edithbrothelande.fr\/wp-content\/uploads\/2022\/02\/2202-Portrait3-220x309.jpg 220w, http:\/\/edithbrothelande.fr\/wp-content\/uploads\/2022\/02\/2202-Portrait3-scaled.jpg 1821w\" sizes=\"auto, (max-width: 728px) 100vw, 728px\" \/><\/figure>\n<\/figure>\n\n\n\n<p>\u2022<\/p>\n\n\n\n<p><strong>D\u00e9cembre 2021 &#8211; Exposition de nos travaux<\/strong><\/p>\n\n\n\n<figure class=\"wp-block-gallery has-nested-images columns-default is-cropped wp-block-gallery-23 is-layout-flex wp-block-gallery-is-layout-flex\">\n<figure class=\"wp-block-image size-large\"><img loading=\"lazy\" decoding=\"async\" width=\"768\" height=\"1024\" data-id=\"861\" src=\"http:\/\/edithbrothelande.fr\/wp-content\/uploads\/2022\/01\/2109-ExpoNoel2-768x1024.jpg\" alt=\"\" class=\"wp-image-861\" srcset=\"http:\/\/edithbrothelande.fr\/wp-content\/uploads\/2022\/01\/2109-ExpoNoel2-768x1024.jpg 768w, http:\/\/edithbrothelande.fr\/wp-content\/uploads\/2022\/01\/2109-ExpoNoel2-225x300.jpg 225w, http:\/\/edithbrothelande.fr\/wp-content\/uploads\/2022\/01\/2109-ExpoNoel2-1152x1536.jpg 1152w, http:\/\/edithbrothelande.fr\/wp-content\/uploads\/2022\/01\/2109-ExpoNoel2-880x1173.jpg 880w, http:\/\/edithbrothelande.fr\/wp-content\/uploads\/2022\/01\/2109-ExpoNoel2-220x293.jpg 220w, http:\/\/edithbrothelande.fr\/wp-content\/uploads\/2022\/01\/2109-ExpoNoel2.jpg 1350w\" sizes=\"auto, (max-width: 768px) 100vw, 768px\" \/><\/figure>\n\n\n\n<figure class=\"wp-block-image size-large\"><img loading=\"lazy\" decoding=\"async\" width=\"1024\" height=\"876\" data-id=\"862\" src=\"http:\/\/edithbrothelande.fr\/wp-content\/uploads\/2022\/01\/2109-ExpoNoel3-1024x876.jpg\" alt=\"\" class=\"wp-image-862\" srcset=\"http:\/\/edithbrothelande.fr\/wp-content\/uploads\/2022\/01\/2109-ExpoNoel3-1024x876.jpg 1024w, http:\/\/edithbrothelande.fr\/wp-content\/uploads\/2022\/01\/2109-ExpoNoel3-300x257.jpg 300w, http:\/\/edithbrothelande.fr\/wp-content\/uploads\/2022\/01\/2109-ExpoNoel3-768x657.jpg 768w, http:\/\/edithbrothelande.fr\/wp-content\/uploads\/2022\/01\/2109-ExpoNoel3-1536x1313.jpg 1536w, http:\/\/edithbrothelande.fr\/wp-content\/uploads\/2022\/01\/2109-ExpoNoel3-880x752.jpg 880w, http:\/\/edithbrothelande.fr\/wp-content\/uploads\/2022\/01\/2109-ExpoNoel3-220x188.jpg 220w, http:\/\/edithbrothelande.fr\/wp-content\/uploads\/2022\/01\/2109-ExpoNoel3.jpg 1800w\" sizes=\"auto, (max-width: 1024px) 100vw, 1024px\" \/><\/figure>\n\n\n\n<figure class=\"wp-block-image size-large\"><img loading=\"lazy\" decoding=\"async\" width=\"768\" height=\"1024\" data-id=\"860\" src=\"http:\/\/edithbrothelande.fr\/wp-content\/uploads\/2022\/01\/2109-ExpoNoel1-768x1024.jpg\" alt=\"\" class=\"wp-image-860\" srcset=\"http:\/\/edithbrothelande.fr\/wp-content\/uploads\/2022\/01\/2109-ExpoNoel1-768x1024.jpg 768w, http:\/\/edithbrothelande.fr\/wp-content\/uploads\/2022\/01\/2109-ExpoNoel1-225x300.jpg 225w, http:\/\/edithbrothelande.fr\/wp-content\/uploads\/2022\/01\/2109-ExpoNoel1-1152x1536.jpg 1152w, http:\/\/edithbrothelande.fr\/wp-content\/uploads\/2022\/01\/2109-ExpoNoel1-880x1173.jpg 880w, http:\/\/edithbrothelande.fr\/wp-content\/uploads\/2022\/01\/2109-ExpoNoel1-220x293.jpg 220w, http:\/\/edithbrothelande.fr\/wp-content\/uploads\/2022\/01\/2109-ExpoNoel1.jpg 1350w\" sizes=\"auto, (max-width: 768px) 100vw, 768px\" \/><\/figure>\n<\/figure>\n\n\n\n<p>\u2022<\/p>\n\n\n\n<p><strong>D\u00e9cembre 2021 &#8211; Dessins<\/strong><\/p>\n\n\n\n<figure class=\"wp-block-gallery has-nested-images columns-default is-cropped wp-block-gallery-24 is-layout-flex wp-block-gallery-is-layout-flex\">\n<figure class=\"wp-block-image size-large\"><img loading=\"lazy\" decoding=\"async\" width=\"768\" height=\"1024\" data-id=\"864\" src=\"http:\/\/edithbrothelande.fr\/wp-content\/uploads\/2022\/01\/2201-DessinChien1-768x1024.jpg\" alt=\"\" class=\"wp-image-864\" srcset=\"http:\/\/edithbrothelande.fr\/wp-content\/uploads\/2022\/01\/2201-DessinChien1-768x1024.jpg 768w, http:\/\/edithbrothelande.fr\/wp-content\/uploads\/2022\/01\/2201-DessinChien1-225x300.jpg 225w, http:\/\/edithbrothelande.fr\/wp-content\/uploads\/2022\/01\/2201-DessinChien1-1152x1536.jpg 1152w, http:\/\/edithbrothelande.fr\/wp-content\/uploads\/2022\/01\/2201-DessinChien1-880x1173.jpg 880w, http:\/\/edithbrothelande.fr\/wp-content\/uploads\/2022\/01\/2201-DessinChien1-220x293.jpg 220w, http:\/\/edithbrothelande.fr\/wp-content\/uploads\/2022\/01\/2201-DessinChien1.jpg 1350w\" sizes=\"auto, (max-width: 768px) 100vw, 768px\" \/><\/figure>\n\n\n\n<figure class=\"wp-block-image size-large\"><img loading=\"lazy\" decoding=\"async\" width=\"768\" height=\"1024\" data-id=\"865\" src=\"http:\/\/edithbrothelande.fr\/wp-content\/uploads\/2022\/01\/2201-DessinChien2-768x1024.jpg\" alt=\"\" class=\"wp-image-865\" srcset=\"http:\/\/edithbrothelande.fr\/wp-content\/uploads\/2022\/01\/2201-DessinChien2-768x1024.jpg 768w, http:\/\/edithbrothelande.fr\/wp-content\/uploads\/2022\/01\/2201-DessinChien2-225x300.jpg 225w, http:\/\/edithbrothelande.fr\/wp-content\/uploads\/2022\/01\/2201-DessinChien2-1152x1536.jpg 1152w, http:\/\/edithbrothelande.fr\/wp-content\/uploads\/2022\/01\/2201-DessinChien2-880x1173.jpg 880w, http:\/\/edithbrothelande.fr\/wp-content\/uploads\/2022\/01\/2201-DessinChien2-220x293.jpg 220w, http:\/\/edithbrothelande.fr\/wp-content\/uploads\/2022\/01\/2201-DessinChien2.jpg 1350w\" sizes=\"auto, (max-width: 768px) 100vw, 768px\" \/><\/figure>\n\n\n\n<figure class=\"wp-block-image size-large\"><img loading=\"lazy\" decoding=\"async\" width=\"768\" height=\"1024\" data-id=\"863\" src=\"http:\/\/edithbrothelande.fr\/wp-content\/uploads\/2022\/01\/2201-Dessin1-768x1024.jpg\" alt=\"\" class=\"wp-image-863\" srcset=\"http:\/\/edithbrothelande.fr\/wp-content\/uploads\/2022\/01\/2201-Dessin1-768x1024.jpg 768w, http:\/\/edithbrothelande.fr\/wp-content\/uploads\/2022\/01\/2201-Dessin1-225x300.jpg 225w, http:\/\/edithbrothelande.fr\/wp-content\/uploads\/2022\/01\/2201-Dessin1-1152x1536.jpg 1152w, http:\/\/edithbrothelande.fr\/wp-content\/uploads\/2022\/01\/2201-Dessin1-880x1173.jpg 880w, http:\/\/edithbrothelande.fr\/wp-content\/uploads\/2022\/01\/2201-Dessin1-220x293.jpg 220w, http:\/\/edithbrothelande.fr\/wp-content\/uploads\/2022\/01\/2201-Dessin1.jpg 1350w\" sizes=\"auto, (max-width: 768px) 100vw, 768px\" \/><\/figure>\n<\/figure>\n","protected":false},"excerpt":{"rendered":"<p>Cours de Dessin-Peinture \u00e0 Ballan-Mir\u00e9 Mai 2025 &#8211; Aquarelle . . Avril 2025 &#8211; Exposition \u00e0 la F\u00eate des Savoirs &amp; Savoir-faire . Avril 2025 &#8211; Dessin au pastel sec d&rsquo;apr\u00e8s une \u0153uvre de Rita Kirkman . Mars 2025 &#8211; Dessin sur la morphologie . Janvier 2025 &#8211; D&rsquo;apr\u00e8s les Nymph\u00e9as de Monet . Janvier [&hellip;]<\/p>\n","protected":false},"author":1,"featured_media":0,"parent":0,"menu_order":0,"comment_status":"closed","ping_status":"closed","template":"","meta":{"footnotes":""},"class_list":["post-600","page","type-page","status-publish","hentry"],"jetpack_sharing_enabled":true,"_links":{"self":[{"href":"http:\/\/edithbrothelande.fr\/index.php?rest_route=\/wp\/v2\/pages\/600","targetHints":{"allow":["GET"]}}],"collection":[{"href":"http:\/\/edithbrothelande.fr\/index.php?rest_route=\/wp\/v2\/pages"}],"about":[{"href":"http:\/\/edithbrothelande.fr\/index.php?rest_route=\/wp\/v2\/types\/page"}],"author":[{"embeddable":true,"href":"http:\/\/edithbrothelande.fr\/index.php?rest_route=\/wp\/v2\/users\/1"}],"replies":[{"embeddable":true,"href":"http:\/\/edithbrothelande.fr\/index.php?rest_route=%2Fwp%2Fv2%2Fcomments&post=600"}],"version-history":[{"count":72,"href":"http:\/\/edithbrothelande.fr\/index.php?rest_route=\/wp\/v2\/pages\/600\/revisions"}],"predecessor-version":[{"id":2725,"href":"http:\/\/edithbrothelande.fr\/index.php?rest_route=\/wp\/v2\/pages\/600\/revisions\/2725"}],"wp:attachment":[{"href":"http:\/\/edithbrothelande.fr\/index.php?rest_route=%2Fwp%2Fv2%2Fmedia&parent=600"}],"curies":[{"name":"wp","href":"https:\/\/api.w.org\/{rel}","templated":true}]}}