{"id":664,"date":"2021-02-18T21:45:33","date_gmt":"2021-02-18T20:45:33","guid":{"rendered":"http:\/\/edithbrothelande.fr\/?page_id=664"},"modified":"2024-08-05T16:04:35","modified_gmt":"2024-08-05T14:04:35","slug":"atelier-a-distance","status":"publish","type":"page","link":"http:\/\/edithbrothelande.fr\/?page_id=664","title":{"rendered":"Cours individuel"},"content":{"rendered":"\n<p><strong>2023 &#8211; D&rsquo;apr\u00e8s des \u0153uvres<\/strong><\/p>\n\n\n\n<blockquote class=\"wp-block-quote is-layout-flow wp-block-quote-is-layout-flow\">\n<p>Acrylique, Citrons au coucher de soleil<\/p>\n\n\n\n<div class=\"wp-block-jetpack-tiled-gallery aligncenter is-style-rectangular\"><div class=\"\"><div class=\"tiled-gallery__gallery\"><div class=\"tiled-gallery__row\"><div class=\"tiled-gallery__col\" style=\"flex-basis:47.82560%\"><figure class=\"tiled-gallery__item\"><img decoding=\"async\" srcset=\"https:\/\/i2.wp.com\/edithbrothelande.fr\/wp-content\/uploads\/2024\/08\/2024-Modele-Acrylique-Citrons.jpg?strip=info&#038;w=592 592w\" alt=\"\" data-height=\"800\" data-id=\"2418\" data-link=\"http:\/\/edithbrothelande.fr\/?attachment_id=2418\" data-url=\"http:\/\/edithbrothelande.fr\/wp-content\/uploads\/2024\/08\/2024-Modele-Acrylique-Citrons.jpg\" data-width=\"592\" src=\"https:\/\/i2.wp.com\/edithbrothelande.fr\/wp-content\/uploads\/2024\/08\/2024-Modele-Acrylique-Citrons.jpg\" data-amp-layout=\"responsive\" tabindex=\"0\" role=\"button\" aria-label=\"Ouvrir l\u2019image 1 sur 2 en plein \u00e9cran\"\/><\/figure><\/div><div class=\"tiled-gallery__col\" style=\"flex-basis:52.17440%\"><figure class=\"tiled-gallery__item\"><img decoding=\"async\" srcset=\"https:\/\/i1.wp.com\/edithbrothelande.fr\/wp-content\/uploads\/2024\/08\/2024-Acrylique-Citrons-1.jpg?strip=info&#038;w=600 600w,https:\/\/i1.wp.com\/edithbrothelande.fr\/wp-content\/uploads\/2024\/08\/2024-Acrylique-Citrons-1.jpg?strip=info&#038;w=646 646w\" alt=\"\" data-height=\"800\" data-id=\"2417\" data-link=\"http:\/\/edithbrothelande.fr\/?attachment_id=2417\" data-url=\"http:\/\/edithbrothelande.fr\/wp-content\/uploads\/2024\/08\/2024-Acrylique-Citrons-1.jpg\" data-width=\"646\" src=\"https:\/\/i1.wp.com\/edithbrothelande.fr\/wp-content\/uploads\/2024\/08\/2024-Acrylique-Citrons-1.jpg\" data-amp-layout=\"responsive\" tabindex=\"0\" role=\"button\" aria-label=\"Ouvrir l\u2019image 2 sur 2 en plein \u00e9cran\"\/><\/figure><\/div><\/div><\/div><\/div><\/div>\n\n\n\n<p>Paul Signac, Parc<\/p>\n\n\n\n<div class=\"wp-block-jetpack-tiled-gallery aligncenter is-style-rectangular\"><div class=\"\"><div class=\"tiled-gallery__gallery\"><div class=\"tiled-gallery__row\"><div class=\"tiled-gallery__col\" style=\"flex-basis:47.82321%\"><figure class=\"tiled-gallery__item\"><img decoding=\"async\" srcset=\"https:\/\/i1.wp.com\/edithbrothelande.fr\/wp-content\/uploads\/2023\/04\/2023-Parc-Signac-modele.jpg?strip=info&#038;w=600 600w,https:\/\/i1.wp.com\/edithbrothelande.fr\/wp-content\/uploads\/2023\/04\/2023-Parc-Signac-modele.jpg?strip=info&#038;w=800 800w\" alt=\"\" data-height=\"634\" data-id=\"1854\" data-link=\"http:\/\/edithbrothelande.fr\/?attachment_id=1854\" data-url=\"http:\/\/edithbrothelande.fr\/wp-content\/uploads\/2023\/04\/2023-Parc-Signac-modele.jpg\" data-width=\"800\" src=\"https:\/\/i1.wp.com\/edithbrothelande.fr\/wp-content\/uploads\/2023\/04\/2023-Parc-Signac-modele.jpg\" data-amp-layout=\"responsive\" tabindex=\"0\" role=\"button\" aria-label=\"Ouvrir l\u2019image 1 sur 2 en plein \u00e9cran\"\/><\/figure><\/div><div class=\"tiled-gallery__col\" style=\"flex-basis:52.17679%\"><figure class=\"tiled-gallery__item\"><img decoding=\"async\" srcset=\"https:\/\/i1.wp.com\/edithbrothelande.fr\/wp-content\/uploads\/2023\/04\/2023-Parc-Signac-vero-1024x744.jpg?strip=info&#038;w=600 600w,https:\/\/i1.wp.com\/edithbrothelande.fr\/wp-content\/uploads\/2023\/04\/2023-Parc-Signac-vero-1024x744.jpg?strip=info&#038;w=900 900w,https:\/\/i1.wp.com\/edithbrothelande.fr\/wp-content\/uploads\/2023\/04\/2023-Parc-Signac-vero-1024x744.jpg?strip=info&#038;w=1200 1200w,https:\/\/i1.wp.com\/edithbrothelande.fr\/wp-content\/uploads\/2023\/04\/2023-Parc-Signac-vero-1024x744.jpg?strip=info&#038;w=1500 1500w,https:\/\/i1.wp.com\/edithbrothelande.fr\/wp-content\/uploads\/2023\/04\/2023-Parc-Signac-vero-1024x744.jpg?strip=info&#038;w=1800 1800w,https:\/\/i1.wp.com\/edithbrothelande.fr\/wp-content\/uploads\/2023\/04\/2023-Parc-Signac-vero-1024x744.jpg?strip=info&#038;w=2000 2000w\" alt=\"\" data-height=\"1859\" data-id=\"1855\" data-link=\"http:\/\/edithbrothelande.fr\/?attachment_id=1855\" data-url=\"http:\/\/edithbrothelande.fr\/wp-content\/uploads\/2023\/04\/2023-Parc-Signac-vero-1024x744.jpg\" data-width=\"2560\" src=\"https:\/\/i1.wp.com\/edithbrothelande.fr\/wp-content\/uploads\/2023\/04\/2023-Parc-Signac-vero-1024x744.jpg\" data-amp-layout=\"responsive\" tabindex=\"0\" role=\"button\" aria-label=\"Ouvrir l\u2019image 2 sur 2 en plein \u00e9cran\"\/><\/figure><\/div><\/div><\/div><\/div><\/div>\n\n\n\n<p>J.Adrian, Paysage Proven\u00e7al<\/p>\n\n\n\n<div class=\"wp-block-jetpack-tiled-gallery aligncenter is-style-rectangular\"><div class=\"\"><div class=\"tiled-gallery__gallery\"><div class=\"tiled-gallery__row\"><div class=\"tiled-gallery__col\" style=\"flex-basis:48.77101%\"><figure class=\"tiled-gallery__item\"><img decoding=\"async\" srcset=\"https:\/\/i0.wp.com\/edithbrothelande.fr\/wp-content\/uploads\/2023\/04\/2023-Chapelle-modele.jpg?strip=info&#038;w=600 600w,https:\/\/i0.wp.com\/edithbrothelande.fr\/wp-content\/uploads\/2023\/04\/2023-Chapelle-modele.jpg?strip=info&#038;w=800 800w\" alt=\"\" data-height=\"665\" data-id=\"1852\" data-link=\"http:\/\/edithbrothelande.fr\/?attachment_id=1852\" data-url=\"http:\/\/edithbrothelande.fr\/wp-content\/uploads\/2023\/04\/2023-Chapelle-modele.jpg\" data-width=\"800\" src=\"https:\/\/i0.wp.com\/edithbrothelande.fr\/wp-content\/uploads\/2023\/04\/2023-Chapelle-modele.jpg\" data-amp-layout=\"responsive\" tabindex=\"0\" role=\"button\" aria-label=\"Ouvrir l\u2019image 1 sur 2 en plein \u00e9cran\"\/><\/figure><\/div><div class=\"tiled-gallery__col\" style=\"flex-basis:51.22899%\"><figure class=\"tiled-gallery__item\"><img decoding=\"async\" srcset=\"https:\/\/i2.wp.com\/edithbrothelande.fr\/wp-content\/uploads\/2023\/04\/2023-Chapelle-vero.jpg?strip=info&#038;w=600 600w,https:\/\/i2.wp.com\/edithbrothelande.fr\/wp-content\/uploads\/2023\/04\/2023-Chapelle-vero.jpg?strip=info&#038;w=800 800w\" alt=\"\" data-height=\"633\" data-id=\"1853\" data-link=\"http:\/\/edithbrothelande.fr\/?attachment_id=1853\" data-url=\"http:\/\/edithbrothelande.fr\/wp-content\/uploads\/2023\/04\/2023-Chapelle-vero.jpg\" data-width=\"800\" src=\"https:\/\/i2.wp.com\/edithbrothelande.fr\/wp-content\/uploads\/2023\/04\/2023-Chapelle-vero.jpg\" data-amp-layout=\"responsive\" tabindex=\"0\" role=\"button\" aria-label=\"Ouvrir l\u2019image 2 sur 2 en plein \u00e9cran\"\/><\/figure><\/div><\/div><\/div><\/div><\/div>\n<\/blockquote>\n\n\n\n<p><strong>2022 &#8211; Nature morte<\/strong><\/p>\n\n\n\n<blockquote class=\"wp-block-quote is-layout-flow wp-block-quote-is-layout-flow\">\n<p>Bocal en verre, sac en toile et baguettes<\/p>\n\n\n\n<div class=\"wp-block-jetpack-tiled-gallery aligncenter is-style-rectangular\"><div class=\"\"><div class=\"tiled-gallery__gallery\"><div class=\"tiled-gallery__row\"><div class=\"tiled-gallery__col\" style=\"flex-basis:51.00119%\"><figure class=\"tiled-gallery__item\"><img decoding=\"async\" srcset=\"https:\/\/i1.wp.com\/edithbrothelande.fr\/wp-content\/uploads\/2022\/09\/2022-Modele-pot-sac-baguettes-799x1024.jpg?strip=info&#038;w=600 600w,https:\/\/i1.wp.com\/edithbrothelande.fr\/wp-content\/uploads\/2022\/09\/2022-Modele-pot-sac-baguettes-799x1024.jpg?strip=info&#038;w=900 900w,https:\/\/i1.wp.com\/edithbrothelande.fr\/wp-content\/uploads\/2022\/09\/2022-Modele-pot-sac-baguettes-799x1024.jpg?strip=info&#038;w=1200 1200w,https:\/\/i1.wp.com\/edithbrothelande.fr\/wp-content\/uploads\/2022\/09\/2022-Modele-pot-sac-baguettes-799x1024.jpg?strip=info&#038;w=1214 1214w\" alt=\"\" data-height=\"1555\" data-id=\"1613\" data-link=\"http:\/\/edithbrothelande.fr\/?attachment_id=1613\" data-url=\"http:\/\/edithbrothelande.fr\/wp-content\/uploads\/2022\/09\/2022-Modele-pot-sac-baguettes-799x1024.jpg\" data-width=\"1214\" src=\"https:\/\/i1.wp.com\/edithbrothelande.fr\/wp-content\/uploads\/2022\/09\/2022-Modele-pot-sac-baguettes-799x1024.jpg\" data-amp-layout=\"responsive\" tabindex=\"0\" role=\"button\" aria-label=\"Ouvrir l\u2019image 1 sur 2 en plein \u00e9cran\"\/><\/figure><\/div><div class=\"tiled-gallery__col\" style=\"flex-basis:48.99881%\"><figure class=\"tiled-gallery__item\"><img decoding=\"async\" srcset=\"https:\/\/i0.wp.com\/edithbrothelande.fr\/wp-content\/uploads\/2022\/09\/2022-dessin-pot-sac-baguettes-768x1024.jpg?strip=info&#038;w=600 600w,https:\/\/i0.wp.com\/edithbrothelande.fr\/wp-content\/uploads\/2022\/09\/2022-dessin-pot-sac-baguettes-768x1024.jpg?strip=info&#038;w=900 900w,https:\/\/i0.wp.com\/edithbrothelande.fr\/wp-content\/uploads\/2022\/09\/2022-dessin-pot-sac-baguettes-768x1024.jpg?strip=info&#038;w=1200 1200w,https:\/\/i0.wp.com\/edithbrothelande.fr\/wp-content\/uploads\/2022\/09\/2022-dessin-pot-sac-baguettes-768x1024.jpg?strip=info&#038;w=1500 1500w,https:\/\/i0.wp.com\/edithbrothelande.fr\/wp-content\/uploads\/2022\/09\/2022-dessin-pot-sac-baguettes-768x1024.jpg?strip=info&#038;w=1800 1800w,https:\/\/i0.wp.com\/edithbrothelande.fr\/wp-content\/uploads\/2022\/09\/2022-dessin-pot-sac-baguettes-768x1024.jpg?strip=info&#038;w=1920 1920w\" alt=\"\" data-height=\"2560\" data-id=\"1612\" data-link=\"http:\/\/edithbrothelande.fr\/?attachment_id=1612\" data-url=\"http:\/\/edithbrothelande.fr\/wp-content\/uploads\/2022\/09\/2022-dessin-pot-sac-baguettes-768x1024.jpg\" data-width=\"1920\" src=\"https:\/\/i0.wp.com\/edithbrothelande.fr\/wp-content\/uploads\/2022\/09\/2022-dessin-pot-sac-baguettes-768x1024.jpg\" data-amp-layout=\"responsive\" tabindex=\"0\" role=\"button\" aria-label=\"Ouvrir l\u2019image 2 sur 2 en plein \u00e9cran\"\/><\/figure><\/div><\/div><\/div><\/div><\/div>\n\n\n\n<p>Pot en terre, boite et plante verte<\/p>\n\n\n\n<div class=\"wp-block-jetpack-tiled-gallery aligncenter is-style-rectangular\"><div class=\"\"><div class=\"tiled-gallery__gallery\"><div class=\"tiled-gallery__row\"><div class=\"tiled-gallery__col\" style=\"flex-basis:50.41247%\"><figure class=\"tiled-gallery__item\"><img decoding=\"async\" srcset=\"https:\/\/i1.wp.com\/edithbrothelande.fr\/wp-content\/uploads\/2022\/06\/20220530_Orange-boite-modele.png?strip=info&#038;w=600 600w,https:\/\/i1.wp.com\/edithbrothelande.fr\/wp-content\/uploads\/2022\/06\/20220530_Orange-boite-modele.png?strip=info&#038;w=610 610w\" alt=\"\" data-height=\"800\" data-id=\"1528\" data-link=\"http:\/\/edithbrothelande.fr\/?attachment_id=1528\" data-url=\"http:\/\/edithbrothelande.fr\/wp-content\/uploads\/2022\/06\/20220530_Orange-boite-modele.png\" data-width=\"610\" src=\"https:\/\/i1.wp.com\/edithbrothelande.fr\/wp-content\/uploads\/2022\/06\/20220530_Orange-boite-modele.png\" data-amp-layout=\"responsive\" tabindex=\"0\" role=\"button\" aria-label=\"Ouvrir l\u2019image 1 sur 2 en plein \u00e9cran\"\/><\/figure><\/div><div class=\"tiled-gallery__col\" style=\"flex-basis:49.58753%\"><figure class=\"tiled-gallery__item\"><img decoding=\"async\" srcset=\"https:\/\/i0.wp.com\/edithbrothelande.fr\/wp-content\/uploads\/2022\/06\/20220530_Orange-boite.png?strip=info&#038;w=600 600w\" alt=\"\" data-height=\"800\" data-id=\"1529\" data-link=\"http:\/\/edithbrothelande.fr\/?attachment_id=1529\" data-url=\"http:\/\/edithbrothelande.fr\/wp-content\/uploads\/2022\/06\/20220530_Orange-boite.png\" data-width=\"600\" src=\"https:\/\/i0.wp.com\/edithbrothelande.fr\/wp-content\/uploads\/2022\/06\/20220530_Orange-boite.png\" data-amp-layout=\"responsive\" tabindex=\"0\" role=\"button\" aria-label=\"Ouvrir l\u2019image 2 sur 2 en plein \u00e9cran\"\/><\/figure><\/div><\/div><\/div><\/div><\/div>\n\n\n\n<p>Arrosoir et laurier<\/p>\n\n\n\n<div class=\"wp-block-jetpack-tiled-gallery aligncenter is-style-rectangular\"><div class=\"\"><div class=\"tiled-gallery__gallery\"><div class=\"tiled-gallery__row\"><div class=\"tiled-gallery__col\" style=\"flex-basis:100.00000%\"><figure class=\"tiled-gallery__item\"><img decoding=\"async\" srcset=\"https:\/\/i1.wp.com\/edithbrothelande.fr\/wp-content\/uploads\/2022\/04\/20220321_Arrosoir-et-laurier.jpg?strip=info&#038;w=600 600w,https:\/\/i1.wp.com\/edithbrothelande.fr\/wp-content\/uploads\/2022\/04\/20220321_Arrosoir-et-laurier.jpg?strip=info&#038;w=800 800w\" alt=\"\" data-height=\"594\" data-id=\"1399\" data-link=\"http:\/\/edithbrothelande.fr\/?attachment_id=1399\" data-url=\"http:\/\/edithbrothelande.fr\/wp-content\/uploads\/2022\/04\/20220321_Arrosoir-et-laurier.jpg\" data-width=\"800\" src=\"https:\/\/i1.wp.com\/edithbrothelande.fr\/wp-content\/uploads\/2022\/04\/20220321_Arrosoir-et-laurier.jpg\" data-amp-layout=\"responsive\" tabindex=\"0\" role=\"button\" aria-label=\"Ouvrir l\u2019image 1 sur 1 en plein \u00e9cran\"\/><\/figure><\/div><\/div><\/div><\/div><\/div>\n\n\n\n<p>Pot en terre<\/p>\n\n\n\n<div class=\"wp-block-jetpack-tiled-gallery aligncenter is-style-rectangular\"><div class=\"\"><div class=\"tiled-gallery__gallery\"><div class=\"tiled-gallery__row\"><div class=\"tiled-gallery__col\" style=\"flex-basis:100.00000%\"><figure class=\"tiled-gallery__item\"><img decoding=\"async\" srcset=\"https:\/\/i2.wp.com\/edithbrothelande.fr\/wp-content\/uploads\/2022\/04\/20220131_pot-terre.jpg?strip=info&#038;w=600 600w,https:\/\/i2.wp.com\/edithbrothelande.fr\/wp-content\/uploads\/2022\/04\/20220131_pot-terre.jpg?strip=info&#038;w=725 725w\" alt=\"\" data-height=\"800\" data-id=\"1398\" data-link=\"http:\/\/edithbrothelande.fr\/?attachment_id=1398\" data-url=\"http:\/\/edithbrothelande.fr\/wp-content\/uploads\/2022\/04\/20220131_pot-terre.jpg\" data-width=\"725\" src=\"https:\/\/i2.wp.com\/edithbrothelande.fr\/wp-content\/uploads\/2022\/04\/20220131_pot-terre.jpg\" data-amp-layout=\"responsive\" tabindex=\"0\" role=\"button\" aria-label=\"Ouvrir l\u2019image 1 sur 1 en plein \u00e9cran\"\/><\/figure><\/div><\/div><\/div><\/div><\/div>\n<\/blockquote>\n\n\n\n<p><strong>2021 &#8211; A distance, regrouper les \u0153uvres en une seule<\/strong><\/p>\n\n\n\n<p>Le confinement nous a \u00e9loign\u00e9 les uns des autres. L&rsquo;id\u00e9e a \u00e9t\u00e9 de r\u00e9unir les diff\u00e9rentes cr\u00e9ations des personnes qui \u00e9taient \u00e9parpill\u00e9es g\u00e9ographiquement. Quand nous avons pu nous revoir, le montage final a \u00e9t\u00e9 accroch\u00e9 dans notre salle de travail.<\/p>\n\n\n\n<p>Pi\u00e8ce 1 : Mine de plomb (Marie-Th\u00e9r\u00e8se) &#8211; Pi\u00e8ce 2 : Acrylique (Maryvonne) &#8211; Pi\u00e8ce 3 : Pastel (Edith) &#8211; Pi\u00e8ce 4 : Acrylique (Maryvonne) &#8211; Pi\u00e8ce 5 : Pastel (Edith) &#8211; Pi\u00e8ce 6 : Pastel (Marie-Th\u00e9r\u00e8se) &#8211; Pi\u00e8ce 7 : Huile (Marie-Th\u00e9r\u00e8se) &#8211; Pi\u00e8ce 8 : Acrylique (Maryvonne) &#8211; Pi\u00e8ce 9 : Aquarelle (Agn\u00e8s) &#8211; Pi\u00e8ce 10 : Aquarelle (Agn\u00e8s) &#8211; Pi\u00e8ce 11 : Pastel (Marie-Th\u00e9r\u00e8se) &#8211; Pi\u00e8ce 12 : Acrylique (Maryvonne)<\/p>\n\n\n\n<figure class=\"wp-block-image size-large\"><img loading=\"lazy\" decoding=\"async\" width=\"600\" height=\"800\" src=\"http:\/\/edithbrothelande.fr\/wp-content\/uploads\/2021\/03\/Montage04-Groupe-4-complet.jpg\" alt=\"\" class=\"wp-image-690\" srcset=\"http:\/\/edithbrothelande.fr\/wp-content\/uploads\/2021\/03\/Montage04-Groupe-4-complet.jpg 600w, http:\/\/edithbrothelande.fr\/wp-content\/uploads\/2021\/03\/Montage04-Groupe-4-complet-225x300.jpg 225w, http:\/\/edithbrothelande.fr\/wp-content\/uploads\/2021\/03\/Montage04-Groupe-4-complet-220x293.jpg 220w\" sizes=\"auto, (max-width: 600px) 100vw, 600px\" \/><\/figure>\n","protected":false},"excerpt":{"rendered":"<p>2023 &#8211; D&rsquo;apr\u00e8s des \u0153uvres 2022 &#8211; Nature morte 2021 &#8211; A distance, regrouper les \u0153uvres en une seule Le confinement nous a \u00e9loign\u00e9 les uns des autres. L&rsquo;id\u00e9e a \u00e9t\u00e9 de r\u00e9unir les diff\u00e9rentes cr\u00e9ations des personnes qui \u00e9taient \u00e9parpill\u00e9es g\u00e9ographiquement. Quand nous avons pu nous revoir, le montage final a \u00e9t\u00e9 accroch\u00e9 dans [&hellip;]<\/p>\n","protected":false},"author":1,"featured_media":0,"parent":0,"menu_order":0,"comment_status":"closed","ping_status":"closed","template":"","meta":{"footnotes":""},"class_list":["post-664","page","type-page","status-publish","hentry"],"jetpack_sharing_enabled":true,"_links":{"self":[{"href":"http:\/\/edithbrothelande.fr\/index.php?rest_route=\/wp\/v2\/pages\/664","targetHints":{"allow":["GET"]}}],"collection":[{"href":"http:\/\/edithbrothelande.fr\/index.php?rest_route=\/wp\/v2\/pages"}],"about":[{"href":"http:\/\/edithbrothelande.fr\/index.php?rest_route=\/wp\/v2\/types\/page"}],"author":[{"embeddable":true,"href":"http:\/\/edithbrothelande.fr\/index.php?rest_route=\/wp\/v2\/users\/1"}],"replies":[{"embeddable":true,"href":"http:\/\/edithbrothelande.fr\/index.php?rest_route=%2Fwp%2Fv2%2Fcomments&post=664"}],"version-history":[{"count":44,"href":"http:\/\/edithbrothelande.fr\/index.php?rest_route=\/wp\/v2\/pages\/664\/revisions"}],"predecessor-version":[{"id":2420,"href":"http:\/\/edithbrothelande.fr\/index.php?rest_route=\/wp\/v2\/pages\/664\/revisions\/2420"}],"wp:attachment":[{"href":"http:\/\/edithbrothelande.fr\/index.php?rest_route=%2Fwp%2Fv2%2Fmedia&parent=664"}],"curies":[{"name":"wp","href":"https:\/\/api.w.org\/{rel}","templated":true}]}}